{"id":9374,"date":"2021-07-27T08:54:36","date_gmt":"2021-07-27T11:54:36","guid":{"rendered":"https:\/\/comunhaoespirita.net\/portal\/?page_id=9374"},"modified":"2025-07-01T16:00:10","modified_gmt":"2025-07-01T19:00:10","slug":"apv","status":"publish","type":"page","link":"https:\/\/comunhaoespirita.org.br\/portal\/assessorias\/apv\/","title":{"rendered":"APV"},"content":{"rendered":"\t\t<div data-elementor-type=\"wp-page\" data-elementor-id=\"9374\" class=\"elementor elementor-9374\" data-elementor-post-type=\"page\">\n\t\t\t\t\t\t<section class=\"elementor-section elementor-top-section elementor-element elementor-element-95c500d elementor-section-boxed elementor-section-height-default elementor-section-height-default\" data-id=\"95c500d\" data-element_type=\"section\" data-e-type=\"section\">\n\t\t\t\t\t\t<div class=\"elementor-container elementor-column-gap-default\">\n\t\t\t\t\t<div class=\"elementor-column elementor-col-100 elementor-top-column elementor-element elementor-element-3a0992a\" data-id=\"3a0992a\" data-element_type=\"column\" data-e-type=\"column\">\n\t\t\t<div class=\"elementor-widget-wrap elementor-element-populated\">\n\t\t\t\t\t\t<div class=\"elementor-element elementor-element-26a0dc9 elementor-widget elementor-widget-heading\" data-id=\"26a0dc9\" data-element_type=\"widget\" data-e-type=\"widget\" data-widget_type=\"heading.default\">\n\t\t\t\t<div class=\"elementor-widget-container\">\n\t\t\t\t\t<h2 class=\"elementor-heading-title elementor-size-default\">Assessoria da Pomada Vov\u00f4 Pedro<\/h2>\t\t\t\t<\/div>\n\t\t\t\t<\/div>\n\t\t\t\t\t<\/div>\n\t\t<\/div>\n\t\t\t\t\t<\/div>\n\t\t<\/section>\n\t\t\t\t<section class=\"elementor-section elementor-top-section elementor-element elementor-element-5783ee8 elementor-section-boxed elementor-section-height-default elementor-section-height-default\" data-id=\"5783ee8\" data-element_type=\"section\" data-e-type=\"section\">\n\t\t\t\t\t\t<div class=\"elementor-container elementor-column-gap-extended\">\n\t\t\t\t\t<div class=\"elementor-column elementor-col-50 elementor-top-column elementor-element elementor-element-3e2eea9\" data-id=\"3e2eea9\" data-element_type=\"column\" data-e-type=\"column\">\n\t\t\t<div class=\"elementor-widget-wrap elementor-element-populated\">\n\t\t\t\t\t\t<div class=\"elementor-element elementor-element-d1113ca elementor-widget elementor-widget-text-editor\" data-id=\"d1113ca\" data-element_type=\"widget\" data-e-type=\"widget\" data-widget_type=\"text-editor.default\">\n\t\t\t\t<div class=\"elementor-widget-container\">\n\t\t\t\t\t\t\t\t\t<h3 style=\"text-align: center;\">Hist\u00f3ria<\/h3><p>Era o ano de 1972. As portas espirituais do Centro Espirita Campos Vergal, na col\u00f4nia Santa Isabel em Betim-MG, abriram-se para o esp\u00edrito de Franz Anton Mesmer, que se dirigiu a Jo\u00e3o Nunes Maia dizendo: &#8220;Papel e l\u00e1pis, meu filho. Vou ditar-lhe a f\u00f3rmula de uma pomada que dever\u00e1 curar e aliviar&#8221;.<\/p><p>Ap\u00f3s o ditado espiritual, inquiriu o m\u00e9dium sobre a autoria da f\u00f3rmula, e a entidade respondeu-lhe, docemente &#8220;Vov\u00f4 Pedro, e atente meu filho para o pre\u00e7o: Deus lhe pague!&#8221;<\/p><p>Com o passar dos dias, sentindo e ouvindo os Espiritos atentamente, Jo\u00e3o Nunes encontrou uma a uma as ervas indicadas, inserindo-as em garrafas, juntamente com as por\u00e7\u00f5es acertadas de \u00e1lcool e \u00e1gua destilada, e preparou numa panela de press\u00e3o o ung\u00fcento. B\u00ean\u00e7\u00e3o divina em forma de pomada, proporcionando harmoniza\u00e7\u00e3o onde aplicada.<\/p><p>Por anos, a Comunh\u00e3o enviava representantes\u00a0a Belo Horizonte para participar da\u00a0elabora\u00e7\u00e3o da Pomada, trazendo uma quantidade de potes para distribui\u00e7\u00e3o em Bras\u00edlia. Em 1995, solicitou- se autoriza\u00e7\u00e3o para produzi-la, iniciando a experi\u00eancia que se tornou exitosa.<\/p><p>O processo de produ\u00e7\u00e3o ocorre ap\u00f3s ora\u00e7\u00f5es e harmoniza\u00e7\u00e3o do grupo, composto por volunt\u00e1rios da Comunh\u00e3o e convidados de outros centros da regi\u00e3o, em ambiente de muita paz e alegria.<\/p><p>Fontes: sitio eletr\u00f3nico da Sociedade espirita Maria Nunes e o Livro &#8220;Mem\u00f3rias de um Tempo&#8221;.<\/p>\t\t\t\t\t\t\t\t<\/div>\n\t\t\t\t<\/div>\n\t\t\t\t\t<\/div>\n\t\t<\/div>\n\t\t\t\t<div class=\"elementor-column elementor-col-50 elementor-top-column elementor-element elementor-element-afda0cb\" data-id=\"afda0cb\" data-element_type=\"column\" data-e-type=\"column\">\n\t\t\t<div class=\"elementor-widget-wrap elementor-element-populated\">\n\t\t\t\t\t\t<div class=\"elementor-element elementor-element-6dc5145 elementor-widget elementor-widget-text-editor\" data-id=\"6dc5145\" data-element_type=\"widget\" data-e-type=\"widget\" data-widget_type=\"text-editor.default\">\n\t\t\t\t<div class=\"elementor-widget-container\">\n\t\t\t\t\t\t\t\t\t<h3 style=\"text-align: center;\">Cantinho de Distribui\u00e7\u00e3o da Pomada Vov\u00f4 Pedro<\/h3><p>Grupo Jo\u00e3o Nunes Maia<\/p><p>O Cantinho da Pomada Vov\u00f4 Pedro fica dentro da Livraria M\u00e1rio de Carvalho.<\/p><p>\u00a0<\/p><h3 style=\"text-align: center;\">Hor\u00e1rio de Funcionamento<\/h3>\t\t\t\t\t\t\t\t<\/div>\n\t\t\t\t<\/div>\n\t\t\t\t<section class=\"elementor-section elementor-inner-section elementor-element elementor-element-838e656 elementor-section-boxed elementor-section-height-default elementor-section-height-default\" data-id=\"838e656\" data-element_type=\"section\" data-e-type=\"section\">\n\t\t\t\t\t\t<div class=\"elementor-container elementor-column-gap-extended\">\n\t\t\t\t\t<div class=\"elementor-column elementor-col-50 elementor-inner-column elementor-element elementor-element-3b6cf55\" data-id=\"3b6cf55\" data-element_type=\"column\" data-e-type=\"column\">\n\t\t\t<div class=\"elementor-widget-wrap elementor-element-populated\">\n\t\t\t\t\t\t<div class=\"elementor-element elementor-element-c674cef elementor-widget elementor-widget-text-editor\" data-id=\"c674cef\" data-element_type=\"widget\" data-e-type=\"widget\" data-widget_type=\"text-editor.default\">\n\t\t\t\t<div class=\"elementor-widget-container\">\n\t\t\t\t\t\t\t\t\t<p><strong>Segunda-feira<\/strong><\/p><p style=\"padding-left: 40px;\">Leila &#8211; 16h15 \u00e0s 17h45;<br \/>Cassiana &#8211; 19h \u00e0s 20h.<\/p><p><strong>Ter\u00e7a-feira<\/strong><\/p><p style=\"padding-left: 40px;\">M\u00e1rcia &#8211; 15h \u00e0s 17h45;<br \/>Marilza &#8211; 17h45 \u00e0s 20h;<\/p><p><strong>Quarta-feira<\/strong><\/p><p style=\"padding-left: 40px;\">M\u00e1rcia &#8211; 15h \u00e0s 17h45;<br \/>Marilza &#8211; 18h \u00e0s 20h.<\/p>\t\t\t\t\t\t\t\t<\/div>\n\t\t\t\t<\/div>\n\t\t\t\t\t<\/div>\n\t\t<\/div>\n\t\t\t\t<div class=\"elementor-column elementor-col-50 elementor-inner-column elementor-element elementor-element-5b71254\" data-id=\"5b71254\" data-element_type=\"column\" data-e-type=\"column\">\n\t\t\t<div class=\"elementor-widget-wrap elementor-element-populated\">\n\t\t\t\t\t\t<div class=\"elementor-element elementor-element-94e56a1 elementor-widget elementor-widget-text-editor\" data-id=\"94e56a1\" data-element_type=\"widget\" data-e-type=\"widget\" data-widget_type=\"text-editor.default\">\n\t\t\t\t<div class=\"elementor-widget-container\">\n\t\t\t\t\t\t\t\t\t<p><strong>Quinta-feira<\/strong><\/p><p style=\"padding-left: 40px;\">Edma &#8211; 15h \u00e0s 19h.<\/p><p><strong>Sexta-feira<\/strong><\/p><p style=\"padding-left: 40px;\">Rosane &#8211; 15h \u00e0s 17h45.<\/p><p><strong>S\u00e1bado<\/strong><\/p><p style=\"padding-left: 40px;\">Patr\u00edcia &#8211; 14h30 \u00e0s 17h;<br \/>Dirce &#8211; 18h \u00e0s 19h45.<\/p>\t\t\t\t\t\t\t\t<\/div>\n\t\t\t\t<\/div>\n\t\t\t\t\t<\/div>\n\t\t<\/div>\n\t\t\t\t\t<\/div>\n\t\t<\/section>\n\t\t\t\t<section class=\"elementor-section elementor-inner-section elementor-element elementor-element-8bb2b89 elementor-section-boxed elementor-section-height-default elementor-section-height-default\" data-id=\"8bb2b89\" data-element_type=\"section\" data-e-type=\"section\">\n\t\t\t\t\t\t<div class=\"elementor-container elementor-column-gap-extended\">\n\t\t\t\t\t<div class=\"elementor-column elementor-col-100 elementor-inner-column elementor-element elementor-element-69a9dff\" data-id=\"69a9dff\" data-element_type=\"column\" data-e-type=\"column\">\n\t\t\t<div class=\"elementor-widget-wrap elementor-element-populated\">\n\t\t\t\t\t\t<div class=\"elementor-element elementor-element-8e2dcfe elementor-widget elementor-widget-text-editor\" data-id=\"8e2dcfe\" data-element_type=\"widget\" data-e-type=\"widget\" data-widget_type=\"text-editor.default\">\n\t\t\t\t<div class=\"elementor-widget-container\">\n\t\t\t\t\t\t\t\t\t<p style=\"text-align: center;\"><strong>* Feriados, finais de semanas e outros hor\u00e1rios n\u00e3o funcionaremos.<\/strong><\/p><p style=\"padding-left: 40px; text-align: center;\"><strong>Agradecemos a compreens\u00e3o de todos<\/strong><\/p>\t\t\t\t\t\t\t\t<\/div>\n\t\t\t\t<\/div>\n\t\t\t\t\t<\/div>\n\t\t<\/div>\n\t\t\t\t\t<\/div>\n\t\t<\/section>\n\t\t\t\t\t<\/div>\n\t\t<\/div>\n\t\t\t\t\t<\/div>\n\t\t<\/section>\n\t\t\t\t<\/div>\n\t\t","protected":false},"excerpt":{"rendered":"<p>Assessoria da Pomada Vov\u00f4 Pedro Hist\u00f3ria Era o ano de 1972. As portas espirituais do Centro Espirita Campos Vergal, na col\u00f4nia Santa Isabel em Betim-MG, abriram-se para o esp\u00edrito de [&hellip;]<\/p>\n","protected":false},"author":2,"featured_media":0,"parent":8010,"menu_order":0,"comment_status":"closed","ping_status":"closed","template":"","meta":{"footnotes":""},"class_list":["post-9374","page","type-page","status-publish","hentry"],"jetpack_sharing_enabled":true,"_links":{"self":[{"href":"https:\/\/comunhaoespirita.org.br\/portal\/wp-json\/wp\/v2\/pages\/9374","targetHints":{"allow":["GET"]}}],"collection":[{"href":"https:\/\/comunhaoespirita.org.br\/portal\/wp-json\/wp\/v2\/pages"}],"about":[{"href":"https:\/\/comunhaoespirita.org.br\/portal\/wp-json\/wp\/v2\/types\/page"}],"author":[{"embeddable":true,"href":"https:\/\/comunhaoespirita.org.br\/portal\/wp-json\/wp\/v2\/users\/2"}],"replies":[{"embeddable":true,"href":"https:\/\/comunhaoespirita.org.br\/portal\/wp-json\/wp\/v2\/comments?post=9374"}],"version-history":[{"count":22,"href":"https:\/\/comunhaoespirita.org.br\/portal\/wp-json\/wp\/v2\/pages\/9374\/revisions"}],"predecessor-version":[{"id":31967,"href":"https:\/\/comunhaoespirita.org.br\/portal\/wp-json\/wp\/v2\/pages\/9374\/revisions\/31967"}],"up":[{"embeddable":true,"href":"https:\/\/comunhaoespirita.org.br\/portal\/wp-json\/wp\/v2\/pages\/8010"}],"wp:attachment":[{"href":"https:\/\/comunhaoespirita.org.br\/portal\/wp-json\/wp\/v2\/media?parent=9374"}],"curies":[{"name":"wp","href":"https:\/\/api.w.org\/{rel}","templated":true}]}}