{"id":9250,"date":"2021-07-25T10:39:53","date_gmt":"2021-07-25T13:39:53","guid":{"rendered":"https:\/\/comunhaoespirita.net\/portal\/?page_id=9250"},"modified":"2025-05-29T18:36:16","modified_gmt":"2025-05-29T21:36:16","slug":"ace","status":"publish","type":"page","link":"https:\/\/comunhaoespirita.org.br\/portal\/assessorias\/ace\/","title":{"rendered":"ACE"},"content":{"rendered":"\t\t<div data-elementor-type=\"wp-page\" data-elementor-id=\"9250\" class=\"elementor elementor-9250\" data-elementor-post-type=\"page\">\n\t\t\t\t\t\t<section class=\"elementor-section elementor-top-section elementor-element elementor-element-037896a elementor-section-boxed elementor-section-height-default elementor-section-height-default\" data-id=\"037896a\" data-element_type=\"section\" data-e-type=\"section\">\n\t\t\t\t\t\t<div class=\"elementor-container elementor-column-gap-default\">\n\t\t\t\t\t<div class=\"elementor-column elementor-col-100 elementor-top-column elementor-element elementor-element-90993c2\" data-id=\"90993c2\" data-element_type=\"column\" data-e-type=\"column\">\n\t\t\t<div class=\"elementor-widget-wrap elementor-element-populated\">\n\t\t\t\t\t\t<div class=\"elementor-element elementor-element-c627e3e elementor-widget elementor-widget-heading\" data-id=\"c627e3e\" data-element_type=\"widget\" data-e-type=\"widget\" data-widget_type=\"heading.default\">\n\t\t\t\t<div class=\"elementor-widget-container\">\n\t\t\t\t\t<h2 class=\"elementor-heading-title elementor-size-default\">ACE - Assessoria de Comunica\u00e7\u00e3o e Eventos<\/h2>\t\t\t\t<\/div>\n\t\t\t\t<\/div>\n\t\t\t\t\t<\/div>\n\t\t<\/div>\n\t\t\t\t\t<\/div>\n\t\t<\/section>\n\t\t\t\t<section class=\"elementor-section elementor-top-section elementor-element elementor-element-be23695 elementor-section-boxed elementor-section-height-default elementor-section-height-default\" data-id=\"be23695\" data-element_type=\"section\" data-e-type=\"section\">\n\t\t\t\t\t\t<div class=\"elementor-container elementor-column-gap-wider\">\n\t\t\t\t\t<div class=\"elementor-column elementor-col-33 elementor-top-column elementor-element elementor-element-111fd5d\" data-id=\"111fd5d\" data-element_type=\"column\" data-e-type=\"column\">\n\t\t\t<div class=\"elementor-widget-wrap elementor-element-populated\">\n\t\t\t\t\t\t<div class=\"elementor-element elementor-element-f87dcf1 elementor-widget elementor-widget-image\" data-id=\"f87dcf1\" data-element_type=\"widget\" data-e-type=\"widget\" data-widget_type=\"image.default\">\n\t\t\t\t<div class=\"elementor-widget-container\">\n\t\t\t\t\t\t\t\t\t\t\t\t\t\t\t<img fetchpriority=\"high\" decoding=\"async\" width=\"800\" height=\"800\" src=\"https:\/\/comunhaoespirita.org.br\/portal\/wp-content\/uploads\/2023\/09\/logoACE-1024x1024.jpg\" class=\"attachment-large size-large wp-image-21062\" alt=\"\" srcset=\"https:\/\/comunhaoespirita.org.br\/portal\/wp-content\/uploads\/2023\/09\/logoACE-1024x1024.jpg 1024w, https:\/\/comunhaoespirita.org.br\/portal\/wp-content\/uploads\/2023\/09\/logoACE-300x300.jpg 300w, https:\/\/comunhaoespirita.org.br\/portal\/wp-content\/uploads\/2023\/09\/logoACE-150x150.jpg 150w, https:\/\/comunhaoespirita.org.br\/portal\/wp-content\/uploads\/2023\/09\/logoACE-768x768.jpg 768w, https:\/\/comunhaoespirita.org.br\/portal\/wp-content\/uploads\/2023\/09\/logoACE-1536x1536.jpg 1536w, https:\/\/comunhaoespirita.org.br\/portal\/wp-content\/uploads\/2023\/09\/logoACE-70x70.jpg 70w, https:\/\/comunhaoespirita.org.br\/portal\/wp-content\/uploads\/2023\/09\/logoACE-600x600.jpg 600w, https:\/\/comunhaoespirita.org.br\/portal\/wp-content\/uploads\/2023\/09\/logoACE.jpg 1600w\" sizes=\"(max-width: 800px) 100vw, 800px\" \/>\t\t\t\t\t\t\t\t\t\t\t\t\t\t\t<\/div>\n\t\t\t\t<\/div>\n\t\t\t\t\t<\/div>\n\t\t<\/div>\n\t\t\t\t<div class=\"elementor-column elementor-col-66 elementor-top-column elementor-element elementor-element-bd62869\" data-id=\"bd62869\" data-element_type=\"column\" data-e-type=\"column\">\n\t\t\t<div class=\"elementor-widget-wrap elementor-element-populated\">\n\t\t\t\t\t\t<div class=\"elementor-element elementor-element-30a2b4c elementor-widget elementor-widget-text-editor\" data-id=\"30a2b4c\" data-element_type=\"widget\" data-e-type=\"widget\" data-widget_type=\"text-editor.default\">\n\t\t\t\t<div class=\"elementor-widget-container\">\n\t\t\t\t\t\t\t\t\t<p>A Comunica\u00e7\u00e3o \u00e9 uma importante ferramenta de divulga\u00e7\u00e3o do espiritismo. Sendo um meio eficiente na propaga\u00e7\u00e3o do Evangelho.<br \/>Funcion\u00e1rios e volunt\u00e1rios que fazem parte da ACE da Comunh\u00e3o Esp\u00edrita de Bras\u00edlia abra\u00e7aram essa miss\u00e3o com muito profissionalismo e dedica\u00e7\u00e3o.<br \/>Com uma estrutura profissional e alinhada aos rumos da internet, a ACE mant\u00e9m sua comunica\u00e7\u00e3o com o p\u00fablico do Brasil e do mundo, 24 horas por dia, 7 dias por semana com not\u00edcias di\u00e1rias no O Mensageiro, blog de not\u00edcias da Comunh\u00e3o e lan\u00e7amentos na TV Comunh\u00e3o, atrav\u00e9s do seu canal principal no Youtube (<a href=\"https:\/\/www.youtube.com\/comunhaoespiritadebrasilia\">www.youtube.com\/comunhaoespiritadebrasilia<\/a>) de novos programas, palestras e eventos para todos os gostos, bem como programa\u00e7\u00e3o transmitida 24 horas, no seu canal secund\u00e1rio no Youtube (<a href=\"https:\/\/www.youtube.com\/tvcomunhao\">www.youtube.com\/tvcomunhao<\/a>) e pela R\u00e1dio Comunh\u00e3o (<a href=\"http:\/\/www.radiocomunhao.com.br\/\">www.radiocomunhao.com.br<\/a>).Hoje a Assessoria de Comunica\u00e7\u00e3o e Eventos conta com quatro coordena\u00e7\u00f5es que conduzem a comunica\u00e7\u00e3o\u00a0com\u00a0o\u00a0p\u00fablico:<\/p>\t\t\t\t\t\t\t\t<\/div>\n\t\t\t\t<\/div>\n\t\t\t\t\t<\/div>\n\t\t<\/div>\n\t\t\t\t\t<\/div>\n\t\t<\/section>\n\t\t\t\t<section class=\"elementor-section elementor-top-section elementor-element elementor-element-9063aef elementor-section-boxed elementor-section-height-default elementor-section-height-default\" data-id=\"9063aef\" data-element_type=\"section\" data-e-type=\"section\">\n\t\t\t\t\t\t<div class=\"elementor-container elementor-column-gap-extended\">\n\t\t\t\t\t<div class=\"elementor-column elementor-col-25 elementor-top-column elementor-element elementor-element-f454e5b\" data-id=\"f454e5b\" data-element_type=\"column\" data-e-type=\"column\">\n\t\t\t<div class=\"elementor-widget-wrap elementor-element-populated\">\n\t\t\t\t\t\t<div class=\"elementor-element elementor-element-50f569c elementor-widget elementor-widget-text-editor\" data-id=\"50f569c\" data-element_type=\"widget\" data-e-type=\"widget\" data-widget_type=\"text-editor.default\">\n\t\t\t\t<div class=\"elementor-widget-container\">\n\t\t\t\t\t\t\t\t\t<h3>Coordena\u00e7\u00e3o de Produ\u00e7\u00e3o e Divulga\u00e7\u00e3o Doutrin\u00e1ria &#8211; CPDD<\/h3><p>A Coordena\u00e7\u00e3o de Produ\u00e7\u00e3o e Divulga\u00e7\u00e3o Doutrin\u00e1ria \u2013 CPDD, popularmente chamada de Produtora, faz o link com o p\u00fablico. At\u00e9 setembro de 2023, o canal principal da TV Comunh\u00e3o no Youtube registrou 240 mil inscritos. L\u00e1 est\u00e3o mais de 14 mil v\u00eddeos produzidos por profissionais capacitados que coordenam o est\u00fadio multim\u00eddia. O canal secund\u00e1rio, voltado para reprises 24 horas por dia do conte\u00fado produzido pela CPDD, j\u00e1 tem cerca de 10 mil inscritos.<\/p><p>A programa\u00e7\u00e3o \u00e9 variada e foi pensando na diversidade de p\u00fablico Vai de programas de entrevistas, bate-papo, estudos, palestras, arte e cultura esp\u00edrita e programa\u00e7\u00e3o infanto juvenil.<br \/>Equipamentos de ponta apoiam o trabalho para capta\u00e7\u00e3o de imagem e som, para transmiss\u00e3o nas redes sociais, grava\u00e7\u00e3o e edi\u00e7\u00e3o programas, palestras e eventos.<\/p><p>De segunda a sexta s\u00e3o disponibilizados seis formatos ao vivo. Aos fins de semana, mais seis palestras, al\u00e9m dos eventos e os mais de 20 programas do da TV Comunh\u00e3o.<\/p><p>A Coordena\u00e7\u00e3o de Produ\u00e7\u00e3o tamb\u00e9m administra as redes sociais, cria pe\u00e7as publicit\u00e1rias, faz a sinaliza\u00e7\u00e3o de ambientes da Comunh\u00e3o e cuida dos equipamentos audiovisuais das\u00a0salas\u00a0de\u00a0aula.<\/p>\t\t\t\t\t\t\t\t<\/div>\n\t\t\t\t<\/div>\n\t\t\t\t\t<\/div>\n\t\t<\/div>\n\t\t\t\t<div class=\"elementor-column elementor-col-25 elementor-top-column elementor-element elementor-element-c1aefd6\" data-id=\"c1aefd6\" data-element_type=\"column\" data-e-type=\"column\">\n\t\t\t<div class=\"elementor-widget-wrap elementor-element-populated\">\n\t\t\t\t\t\t<div class=\"elementor-element elementor-element-404c4a5 elementor-widget elementor-widget-text-editor\" data-id=\"404c4a5\" data-element_type=\"widget\" data-e-type=\"widget\" data-widget_type=\"text-editor.default\">\n\t\t\t\t<div class=\"elementor-widget-container\">\n\t\t\t\t\t\t\t\t\t<h3>Coordena\u00e7\u00e3o de Eventos Institucionais (CEVI)<\/h3><p>Os eventos internos e externos s\u00e3o de responsabilidade da CEVI. Organiza\u00e7\u00e3o e realiza\u00e7\u00e3o de palestras e eventos e todo o relacionamento com mais de 70 oradores e palestrantes esp\u00edritas para a constru\u00e7\u00e3o da escala mensal das palestras di\u00e1rias. A CEVI coordena aproximadamente 100 palestras por m\u00eas, fora os eventos demandados pela Diretoria da Casa.<\/p><p>Os eventos externos tamb\u00e9m s\u00e3o organizados pela \u00e1rea, como cerim\u00f4nias com leitura do Evangelho Segundo O Espiritismo em casamentos, bodas formaturas etc.<\/p><p>A CEVI \u00e9 respons\u00e1vel pelo Grupo de Irradia\u00e7\u00e3o S\u00e3o Francisco de Assis, um grupo de prece criado em 2016 e que na pandemia passou a ser on-line. Por obter maior participa\u00e7\u00e3o do p\u00fablico, manteve-se nesta modalidade.<\/p><p>O Grupo de Irradia\u00e7\u00e3o S\u00e3o Francisco de Assis acontece na TV Comunh\u00e3o no YouTube, de segunda a sexta-feira, \u00e0s 17h30. S\u00e3o 15 minutos de prece de irradia\u00e7\u00e3o em favor do planeta, do pa\u00eds, de um estado, de uma cidade, de uma institui\u00e7\u00e3o, e de esp\u00edritos, sejam encarnados ou desencarnados.<\/p>\t\t\t\t\t\t\t\t<\/div>\n\t\t\t\t<\/div>\n\t\t\t\t\t<\/div>\n\t\t<\/div>\n\t\t\t\t<div class=\"elementor-column elementor-col-25 elementor-top-column elementor-element elementor-element-f3343c1\" data-id=\"f3343c1\" data-element_type=\"column\" data-e-type=\"column\">\n\t\t\t<div class=\"elementor-widget-wrap elementor-element-populated\">\n\t\t\t\t\t\t<div class=\"elementor-element elementor-element-7073bcf elementor-widget elementor-widget-text-editor\" data-id=\"7073bcf\" data-element_type=\"widget\" data-e-type=\"widget\" data-widget_type=\"text-editor.default\">\n\t\t\t\t<div class=\"elementor-widget-container\">\n\t\t\t\t\t\t\t\t\t<h3>Coordena\u00e7\u00e3o de Comunica\u00e7\u00e3o &#8211; CCOM<\/h3><p>Jornalistas volunt\u00e1rios fazem a comunica\u00e7\u00e3o do dia-a-dia. Programa\u00e7\u00e3o de palestras, mat\u00e9rias especiais, divulga\u00e7\u00e3o e cobertura de eventos de arte e cultura s\u00e3o divulgados diariamente no site da Comunh\u00e3o.<\/p><p>Al\u00e9m do informativo digital O Mensageiro Not\u00edcias, as not\u00edcias seguem, em primeira m\u00e3o, para o Telegram. Basta seguir no perfil da Comunh\u00e3o Esp\u00edrita no aplicativo de mensagens (@comunhaoespirita). Receba tamb\u00e9m not\u00edcias da Comunh\u00e3o atrav\u00e9s do Grupo de Not\u00edcias no Whastapp: <a href=\"https:\/\/chat.whatsapp.com\/HTZjXTGCPjVGDu1T7Bz0fi\">https:\/\/chat.whatsapp.com\/HTZjXTGCPjVGDu1T7Bz0fi<\/a><\/p><p>A Coordena\u00e7\u00e3o tamb\u00e9m \u00e9 respons\u00e1vel pelo Jornal Mural, impresso em tamanho especial e afixado em todos os andares\u00a0da\u00a0Comunh\u00e3o.<\/p>\t\t\t\t\t\t\t\t<\/div>\n\t\t\t\t<\/div>\n\t\t\t\t\t<\/div>\n\t\t<\/div>\n\t\t\t\t<div class=\"elementor-column elementor-col-25 elementor-top-column elementor-element elementor-element-f00cd9c\" data-id=\"f00cd9c\" data-element_type=\"column\" data-e-type=\"column\">\n\t\t\t<div class=\"elementor-widget-wrap elementor-element-populated\">\n\t\t\t\t\t\t<div class=\"elementor-element elementor-element-a66ee8e elementor-widget elementor-widget-text-editor\" data-id=\"a66ee8e\" data-element_type=\"widget\" data-e-type=\"widget\" data-widget_type=\"text-editor.default\">\n\t\t\t\t<div class=\"elementor-widget-container\">\n\t\t\t\t\t\t\t\t\t<h3>Coordena\u00e7\u00e3o Administrativa (CADM)<\/h3><p>A Coordena\u00e7\u00e3o \u00e9 a respons\u00e1vel pela parte administrativa da ACE. Cuida da \u00e1rea burocr\u00e1tica da assessoria, como planejamento, normativos etc.<\/p><p>Fale com a Assessoria de Comunica\u00e7\u00e3o e Eventos para sugest\u00e3o de mat\u00e9rias, agendamento de eventos externos, cr\u00edticas e elogios.<\/p><p>O nosso contato \u00e9 <a href=\"mailto:ace@comunhaoespirita.org.br\">ace@comunhaoespirita.org.br<\/a><\/p>\t\t\t\t\t\t\t\t<\/div>\n\t\t\t\t<\/div>\n\t\t\t\t\t<\/div>\n\t\t<\/div>\n\t\t\t\t\t<\/div>\n\t\t<\/section>\n\t\t\t\t<section class=\"elementor-section elementor-top-section elementor-element elementor-element-1d26b5b elementor-section-boxed elementor-section-height-default elementor-section-height-default\" data-id=\"1d26b5b\" data-element_type=\"section\" data-e-type=\"section\">\n\t\t\t\t\t\t<div class=\"elementor-container elementor-column-gap-default\">\n\t\t\t\t\t<div class=\"elementor-column elementor-col-16 elementor-top-column elementor-element elementor-element-459a5a3\" data-id=\"459a5a3\" data-element_type=\"column\" data-e-type=\"column\">\n\t\t\t<div class=\"elementor-widget-wrap\">\n\t\t\t\t\t\t\t<\/div>\n\t\t<\/div>\n\t\t\t\t<div class=\"elementor-column elementor-col-66 elementor-top-column elementor-element elementor-element-5b4f7c3\" data-id=\"5b4f7c3\" data-element_type=\"column\" data-e-type=\"column\">\n\t\t\t<div class=\"elementor-widget-wrap elementor-element-populated\">\n\t\t\t\t\t\t<div class=\"elementor-element elementor-element-4992076 elementor-widget elementor-widget-text-editor\" data-id=\"4992076\" data-element_type=\"widget\" data-e-type=\"widget\" data-widget_type=\"text-editor.default\">\n\t\t\t\t<div class=\"elementor-widget-container\">\n\t\t\t\t\t\t\t\t\t<h3>Quer se tornar um volunt\u00e1rio da ACE ?<\/h3><p>Estamos precisando de volunt\u00e1rios para diversas \u00e1reas na Assessoria de Comunica\u00e7\u00e3o e Eventos.<\/p><p><strong>Observa\u00e7\u00e3o<\/strong><\/p><p>Para ser um volunt\u00e1rio na Comunh\u00e3o \u00e9 necess\u00e1rio cumprir os pr\u00e9-requisitos abaixo:<\/p><ul><li>ter estudado ou estar estudando o ESDE;<\/li><li>ser associado\u00a0contribuinte;<\/li><\/ul><p>Clique no bot\u00e3o abaixo para preencher o formul\u00e1rio e se candidatar a uma vaga.<\/p>\t\t\t\t\t\t\t\t<\/div>\n\t\t\t\t<\/div>\n\t\t\t\t<div class=\"elementor-element elementor-element-77e7dd9 elementor-align-center elementor-widget elementor-widget-button\" data-id=\"77e7dd9\" data-element_type=\"widget\" data-e-type=\"widget\" data-widget_type=\"button.default\">\n\t\t\t\t<div class=\"elementor-widget-container\">\n\t\t\t\t\t\t\t\t\t<div class=\"elementor-button-wrapper\">\n\t\t\t\t\t<a class=\"elementor-button elementor-button-link elementor-size-sm\" href=\"https:\/\/comunhaoespirita.org.br\/portal\/assessorias\/ace\/voluntariado-para-assessoria-comunicacao-e-eventos\/\">\n\t\t\t\t\t\t<span class=\"elementor-button-content-wrapper\">\n\t\t\t\t\t\t\t\t\t<span class=\"elementor-button-text\">Clique aqui<\/span>\n\t\t\t\t\t<\/span>\n\t\t\t\t\t<\/a>\n\t\t\t\t<\/div>\n\t\t\t\t\t\t\t\t<\/div>\n\t\t\t\t<\/div>\n\t\t\t\t\t<\/div>\n\t\t<\/div>\n\t\t\t\t<div class=\"elementor-column elementor-col-16 elementor-top-column elementor-element elementor-element-71567e0\" data-id=\"71567e0\" data-element_type=\"column\" data-e-type=\"column\">\n\t\t\t<div class=\"elementor-widget-wrap\">\n\t\t\t\t\t\t\t<\/div>\n\t\t<\/div>\n\t\t\t\t\t<\/div>\n\t\t<\/section>\n\t\t\t\t<\/div>\n\t\t","protected":false},"excerpt":{"rendered":"<p>ACE &#8211; Assessoria de Comunica\u00e7\u00e3o e Eventos A Comunica\u00e7\u00e3o \u00e9 uma importante ferramenta de divulga\u00e7\u00e3o do espiritismo. Sendo um meio eficiente na propaga\u00e7\u00e3o do Evangelho.Funcion\u00e1rios e volunt\u00e1rios que fazem parte [&hellip;]<\/p>\n","protected":false},"author":2,"featured_media":0,"parent":8010,"menu_order":0,"comment_status":"closed","ping_status":"closed","template":"","meta":{"footnotes":""},"class_list":["post-9250","page","type-page","status-publish","hentry"],"jetpack_sharing_enabled":true,"_links":{"self":[{"href":"https:\/\/comunhaoespirita.org.br\/portal\/wp-json\/wp\/v2\/pages\/9250","targetHints":{"allow":["GET"]}}],"collection":[{"href":"https:\/\/comunhaoespirita.org.br\/portal\/wp-json\/wp\/v2\/pages"}],"about":[{"href":"https:\/\/comunhaoespirita.org.br\/portal\/wp-json\/wp\/v2\/types\/page"}],"author":[{"embeddable":true,"href":"https:\/\/comunhaoespirita.org.br\/portal\/wp-json\/wp\/v2\/users\/2"}],"replies":[{"embeddable":true,"href":"https:\/\/comunhaoespirita.org.br\/portal\/wp-json\/wp\/v2\/comments?post=9250"}],"version-history":[{"count":80,"href":"https:\/\/comunhaoespirita.org.br\/portal\/wp-json\/wp\/v2\/pages\/9250\/revisions"}],"predecessor-version":[{"id":31549,"href":"https:\/\/comunhaoespirita.org.br\/portal\/wp-json\/wp\/v2\/pages\/9250\/revisions\/31549"}],"up":[{"embeddable":true,"href":"https:\/\/comunhaoespirita.org.br\/portal\/wp-json\/wp\/v2\/pages\/8010"}],"wp:attachment":[{"href":"https:\/\/comunhaoespirita.org.br\/portal\/wp-json\/wp\/v2\/media?parent=9250"}],"curies":[{"name":"wp","href":"https:\/\/api.w.org\/{rel}","templated":true}]}}