{"id":26236,"date":"2025-01-22T10:18:08","date_gmt":"2025-01-22T13:18:08","guid":{"rendered":"https:\/\/comunhaoespirita.org.br\/portal\/?page_id=26236"},"modified":"2025-05-16T10:02:39","modified_gmt":"2025-05-16T13:02:39","slug":"arte-na-feb","status":"publish","type":"page","link":"https:\/\/comunhaoespirita.org.br\/portal\/dac\/arte-na-feb\/","title":{"rendered":"Arte na FEB"},"content":{"rendered":"\t\t<div data-elementor-type=\"wp-page\" data-elementor-id=\"26236\" class=\"elementor elementor-26236\" data-elementor-post-type=\"page\">\n\t\t\t\t\t\t<section class=\"elementor-section elementor-top-section elementor-element elementor-element-9a69270 elementor-section-boxed elementor-section-height-default elementor-section-height-default\" data-id=\"9a69270\" data-element_type=\"section\" data-e-type=\"section\">\n\t\t\t\t\t\t<div class=\"elementor-container elementor-column-gap-default\">\n\t\t\t\t\t<div class=\"elementor-column elementor-col-100 elementor-top-column elementor-element elementor-element-02f1144\" data-id=\"02f1144\" data-element_type=\"column\" data-e-type=\"column\">\n\t\t\t<div class=\"elementor-widget-wrap elementor-element-populated\">\n\t\t\t\t\t\t<div class=\"elementor-element elementor-element-872955c elementor-widget elementor-widget-heading\" data-id=\"872955c\" data-element_type=\"widget\" data-e-type=\"widget\" data-widget_type=\"heading.default\">\n\t\t\t\t<div class=\"elementor-widget-container\">\n\t\t\t\t\t<h2 class=\"elementor-heading-title elementor-size-default\">Arte na Federa\u00e7\u00e3o Esp\u00edrita Brasileira<\/h2>\t\t\t\t<\/div>\n\t\t\t\t<\/div>\n\t\t\t\t<div class=\"elementor-element elementor-element-5f20cfd elementor-widget elementor-widget-spacer\" data-id=\"5f20cfd\" data-element_type=\"widget\" data-e-type=\"widget\" data-widget_type=\"spacer.default\">\n\t\t\t\t<div class=\"elementor-widget-container\">\n\t\t\t\t\t\t\t<div class=\"elementor-spacer\">\n\t\t\t<div class=\"elementor-spacer-inner\"><\/div>\n\t\t<\/div>\n\t\t\t\t\t\t<\/div>\n\t\t\t\t<\/div>\n\t\t\t\t\t<\/div>\n\t\t<\/div>\n\t\t\t\t\t<\/div>\n\t\t<\/section>\n\t\t\t\t<section class=\"elementor-section elementor-top-section elementor-element elementor-element-291f07a elementor-section-boxed elementor-section-height-default elementor-section-height-default\" data-id=\"291f07a\" data-element_type=\"section\" data-e-type=\"section\">\n\t\t\t\t\t\t<div class=\"elementor-container elementor-column-gap-default\">\n\t\t\t\t\t<div class=\"elementor-column elementor-col-16 elementor-top-column elementor-element elementor-element-2c3a970\" data-id=\"2c3a970\" data-element_type=\"column\" data-e-type=\"column\">\n\t\t\t<div class=\"elementor-widget-wrap\">\n\t\t\t\t\t\t\t<\/div>\n\t\t<\/div>\n\t\t\t\t<div class=\"elementor-column elementor-col-66 elementor-top-column elementor-element elementor-element-428d776\" data-id=\"428d776\" data-element_type=\"column\" data-e-type=\"column\">\n\t\t\t<div class=\"elementor-widget-wrap elementor-element-populated\">\n\t\t\t\t\t\t<div class=\"elementor-element elementor-element-38955929 elementor-widget elementor-widget-text-editor\" data-id=\"38955929\" data-element_type=\"widget\" data-e-type=\"widget\" data-widget_type=\"text-editor.default\">\n\t\t\t\t<div class=\"elementor-widget-container\">\n\t\t\t\t\t\t\t\t\t<h3><strong>Epis\u00f3dio 5 &#8211; \u00c1rea da Arte | Orienta\u00e7\u00e3o ao Centro Esp\u00edrita<\/strong><\/h3><p><strong>18 de dez. de 2021<\/strong><\/p><p>\u00c9 Allan Kardec quem afirma: \u201cSem d\u00favida, o Espiritismo abre \u00e0 arte um campo inteiramente novo, imenso e ainda inexplorado.<\/p><p><a href=\"https:\/\/youtu.be\/XSoYOWqOOAA\">https:\/\/youtu.be\/XSoYOWqOOAA<\/a><\/p><h3><strong>Live comemorativa de 1 ano da \u00c1rea de Arte CFN\/FEB<\/strong><\/h3><p><strong>30 de set. de 2022<\/strong><\/p><p>Em comemora\u00e7\u00e3o ao 1\u00ba ano da \u00c1rea de Arte do Conselho Federativo Nacional\/FEB ser\u00e1 realizada a live \u201cArte na Civiliza\u00e7\u00e3o do Esp\u00edrito\u201d.<\/p><p><a href=\"https:\/\/www.youtube.com\/live\/LoYVpnCcfWA?feature=share\">https:\/\/www.youtube.com\/live\/LoYVpnCcfWA?feature=share<\/a><\/p><h3><strong>Epis\u00f3dio 2- Arte Esp\u00edrita | Orienta\u00e7\u00e3o ao Centro Esp\u00edrita<\/strong><\/h3><p><strong>12 de nov. de 2022<\/strong><\/p><p>Allan Kardec em Obras P\u00f3stumas diz: \u201cSim, certamente, o Espiritismo abre \u00e0 arte um campo novo, imenso e ainda inexplorado;<\/p><p><a href=\"https:\/\/youtu.be\/zG_Xx1oUpLk\">https:\/\/youtu.be\/zG_Xx1oUpLk<\/a><\/p><h3><strong>Arte Esp\u00edrita: A Arte do Futuro<\/strong><\/h3><p><strong>Mar\u00e7o de 2023<\/strong><\/p><p>Reformador |FEB | Spotify<\/p><p>Guilherme Del Valle traz uma conversa leve e aconchegante com a convidada M\u00e1rcia Albuquerque , sobre o artigo &#8220;Arte Esp\u00edrita: A Arte do Futuro, publicado na Revista Reformador\/edi\u00e7\u00e3o de Fevereiro de 2023.<\/p><p><a href=\"https:\/\/open.spotify.com\/episode\/1f865oOfkh5nE3G1VxCYjd?si=1942446f1556481a\">https:\/\/open.spotify.com\/episode\/1f865oOfkh5nE3G1VxCYjd?si=1942446f1556481a<\/a><\/p><h3><strong>Arte esp\u00edrita e Esperanto | Espiritismo Ontem e Hoje<\/strong><\/h3><p><strong>28 de set. de 2023<\/strong><\/p><p>Geraldo Campetti recebendo os convidados Jos\u00e9 Albuquerque, Leandro Abrah\u00e3o, Lir\u00e1lcio Ricci, Marco Lima, Maur\u00edcio Keller, Merl\u00e2nio Maia, Od\u00edlia Azevedo, Simone Nunes no epis\u00f3dio #109 &#8220;Arte esp\u00edrita e Esperanto&#8221;. N\u00e3o perca!<\/p><p><strong>\u00a0<\/strong><\/p><h3><strong>Natal com Arte<\/strong><\/h3><p><strong>14 de dez. de 2023<\/strong><\/p><p>No m\u00eas de dezembro a \u00c1rea de Arte promove o &#8220;Natal com Arte&#8221;. Momentos art\u00edsticos e participa\u00e7\u00f5es especiais pensados para voc\u00ea, nosso convidado especial.<\/p><p><a href=\"https:\/\/www.youtube.com\/live\/MqL58nOt3lA?si=VMS0Ptk8dI8UE6Lg\">https:\/\/www.youtube.com\/live\/MqL58nOt3lA?si=VMS0Ptk8dI8UE6Lg<\/a><\/p><h3><strong>A Arte Esp\u00edrita em Movimento | Forma\u00e7\u00e3o Continuada dos Trabalhadores da \u00c1rea de Arte Nacional<\/strong><\/h3><p><strong>Transmitido ao vivo em 21 de jul. de 2024<\/strong><\/p><p>&#8220;A Arte Esp\u00edrita em Movimento\u201d | Facilitadores: Gugga Rays (FERGS Coordenador Adjunto da regional AArte Sul), F\u00e1bio Carvalho (Presidente FEMAR) e Paulo Rabelo (Assessor Nacional AArt)<\/p><p><a href=\"https:\/\/www.youtube.com\/live\/pujuVOQOjow?si=XXXwneupIP3V3D3R\">https:\/\/www.youtube.com\/live\/pujuVOQOjow?si=XXXwneupIP3V3D3R<\/a><\/p><h3><strong>Lideran\u00e7a Servidora | Forma\u00e7\u00e3o Continuada dos Trabalhadores da \u00c1rea de Arte Nacional<\/strong><\/h3><p><strong>Transmitido ao vivo em 21 de jul. de 2024<\/strong><\/p><p>\u201cLideran\u00e7a Servidora\u201d | com Geraldo Campetti (Vice-presidente da FEB) .<\/p><p>Marco Lima e Simone Nunes.\u00a0 Coordenadores Nacionais da Area da Arte, CFN\/FEB.<\/p><p><a href=\"https:\/\/www.youtube.com\/live\/XMmGM0nsJJE?si=LzskQ8sPNH4VOOl-\">https:\/\/www.youtube.com\/live\/XMmGM0nsJJE?si=LzskQ8sPNH4VOOl-<\/a><\/p>\t\t\t\t\t\t\t\t<\/div>\n\t\t\t\t<\/div>\n\t\t\t\t\t<\/div>\n\t\t<\/div>\n\t\t\t\t<div class=\"elementor-column elementor-col-16 elementor-top-column elementor-element elementor-element-f3be604\" data-id=\"f3be604\" data-element_type=\"column\" data-e-type=\"column\">\n\t\t\t<div class=\"elementor-widget-wrap\">\n\t\t\t\t\t\t\t<\/div>\n\t\t<\/div>\n\t\t\t\t\t<\/div>\n\t\t<\/section>\n\t\t\t\t<section class=\"elementor-section elementor-top-section elementor-element elementor-element-2a6c69f4 elementor-section-boxed elementor-section-height-default elementor-section-height-default\" data-id=\"2a6c69f4\" data-element_type=\"section\" data-e-type=\"section\">\n\t\t\t\t\t\t<div class=\"elementor-container elementor-column-gap-default\">\n\t\t\t\t\t<div class=\"elementor-column elementor-col-100 elementor-top-column elementor-element elementor-element-147e4813\" data-id=\"147e4813\" data-element_type=\"column\" data-e-type=\"column\">\n\t\t\t<div class=\"elementor-widget-wrap\">\n\t\t\t\t\t\t\t<\/div>\n\t\t<\/div>\n\t\t\t\t\t<\/div>\n\t\t<\/section>\n\t\t\t\t<\/div>\n\t\t","protected":false},"excerpt":{"rendered":"<p>Arte na Federa\u00e7\u00e3o Esp\u00edrita Brasileira Epis\u00f3dio 5 &#8211; \u00c1rea da Arte | Orienta\u00e7\u00e3o ao Centro Esp\u00edrita 18 de dez. de 2021 \u00c9 Allan Kardec quem afirma: \u201cSem d\u00favida, o Espiritismo [&hellip;]<\/p>\n","protected":false},"author":2,"featured_media":0,"parent":7705,"menu_order":0,"comment_status":"closed","ping_status":"closed","template":"","meta":{"footnotes":""},"class_list":["post-26236","page","type-page","status-publish","hentry"],"jetpack_sharing_enabled":true,"_links":{"self":[{"href":"https:\/\/comunhaoespirita.org.br\/portal\/wp-json\/wp\/v2\/pages\/26236","targetHints":{"allow":["GET"]}}],"collection":[{"href":"https:\/\/comunhaoespirita.org.br\/portal\/wp-json\/wp\/v2\/pages"}],"about":[{"href":"https:\/\/comunhaoespirita.org.br\/portal\/wp-json\/wp\/v2\/types\/page"}],"author":[{"embeddable":true,"href":"https:\/\/comunhaoespirita.org.br\/portal\/wp-json\/wp\/v2\/users\/2"}],"replies":[{"embeddable":true,"href":"https:\/\/comunhaoespirita.org.br\/portal\/wp-json\/wp\/v2\/comments?post=26236"}],"version-history":[{"count":8,"href":"https:\/\/comunhaoespirita.org.br\/portal\/wp-json\/wp\/v2\/pages\/26236\/revisions"}],"predecessor-version":[{"id":28699,"href":"https:\/\/comunhaoespirita.org.br\/portal\/wp-json\/wp\/v2\/pages\/26236\/revisions\/28699"}],"up":[{"embeddable":true,"href":"https:\/\/comunhaoespirita.org.br\/portal\/wp-json\/wp\/v2\/pages\/7705"}],"wp:attachment":[{"href":"https:\/\/comunhaoespirita.org.br\/portal\/wp-json\/wp\/v2\/media?parent=26236"}],"curies":[{"name":"wp","href":"https:\/\/api.w.org\/{rel}","templated":true}]}}