{"id":2714,"date":"2022-01-22T13:24:41","date_gmt":"2022-01-22T16:24:41","guid":{"rendered":"https:\/\/comunhaoespirita.org.br\/dps-comunhao\/?page_id=2714"},"modified":"2024-08-05T10:36:58","modified_gmt":"2024-08-05T13:36:58","slug":"seja-voluntario","status":"publish","type":"page","link":"https:\/\/comunhaoespirita.org.br\/dps-comunhao\/seja-voluntario\/","title":{"rendered":"Seja Volunt\u00e1rio"},"content":{"rendered":"\t\t<div data-elementor-type=\"wp-page\" data-elementor-id=\"2714\" class=\"elementor elementor-2714\" data-elementor-post-type=\"page\">\n\t\t\t\t\t\t<section class=\"elementor-section elementor-top-section elementor-element elementor-element-7a9d0026 elementor-section-full_width elementor-section-height-default elementor-section-height-default\" data-id=\"7a9d0026\" data-element_type=\"section\" id=\"section-1\" data-settings=\"{&quot;background_background&quot;:&quot;classic&quot;}\">\n\t\t\t\t\t\t\t<div class=\"elementor-background-overlay\"><\/div>\n\t\t\t\t\t\t\t<div class=\"elementor-container elementor-column-gap-default\">\n\t\t\t\t\t<div class=\"elementor-column elementor-col-100 elementor-top-column elementor-element elementor-element-6d031edb\" data-id=\"6d031edb\" data-element_type=\"column\">\n\t\t\t<div class=\"elementor-widget-wrap elementor-element-populated\">\n\t\t\t\t\t\t<section class=\"elementor-section elementor-inner-section elementor-element elementor-element-1277e94 elementor-section-boxed elementor-section-height-default elementor-section-height-default\" data-id=\"1277e94\" data-element_type=\"section\" data-settings=\"{&quot;background_background&quot;:&quot;classic&quot;}\">\n\t\t\t\t\t\t<div class=\"elementor-container elementor-column-gap-default\">\n\t\t\t\t\t<div class=\"elementor-column elementor-col-100 elementor-inner-column elementor-element elementor-element-3c9076ef\" data-id=\"3c9076ef\" data-element_type=\"column\">\n\t\t\t<div class=\"elementor-widget-wrap elementor-element-populated\">\n\t\t\t\t\t\t<div class=\"elementor-element elementor-element-1752142c elementor-widget elementor-widget-heading\" data-id=\"1752142c\" data-element_type=\"widget\" data-widget_type=\"heading.default\">\n\t\t\t\t<div class=\"elementor-widget-container\">\n\t\t\t\t\t<h2 class=\"elementor-heading-title elementor-size-default\">Seja Volunt\u00e1rio<\/h2>\t\t\t\t<\/div>\n\t\t\t\t<\/div>\n\t\t\t\t\t<\/div>\n\t\t<\/div>\n\t\t\t\t\t<\/div>\n\t\t<\/section>\n\t\t\t\t\t<\/div>\n\t\t<\/div>\n\t\t\t\t\t<\/div>\n\t\t<\/section>\n\t\t\t\t<section class=\"elementor-section elementor-top-section elementor-element elementor-element-4cffc70 elementor-section-boxed elementor-section-height-default elementor-section-height-default\" data-id=\"4cffc70\" data-element_type=\"section\" data-settings=\"{&quot;background_background&quot;:&quot;classic&quot;,&quot;background_motion_fx_motion_fx_scrolling&quot;:&quot;yes&quot;,&quot;background_motion_fx_devices&quot;:[&quot;desktop&quot;,&quot;tablet&quot;,&quot;mobile&quot;]}\">\n\t\t\t\t\t\t<div class=\"elementor-container elementor-column-gap-wider\">\n\t\t\t\t\t<div class=\"elementor-column elementor-col-100 elementor-top-column elementor-element elementor-element-75988490\" data-id=\"75988490\" data-element_type=\"column\">\n\t\t\t<div class=\"elementor-widget-wrap elementor-element-populated\">\n\t\t\t\t\t\t<div class=\"elementor-element elementor-element-6476499a elementor-widget elementor-widget-heading\" data-id=\"6476499a\" data-element_type=\"widget\" data-widget_type=\"heading.default\">\n\t\t\t\t<div class=\"elementor-widget-container\">\n\t\t\t\t\t<h2 class=\"elementor-heading-title elementor-size-default\">\u201cServir \u00e9 um privil\u00e9gio\u201d\n<\/h2>\t\t\t\t<\/div>\n\t\t\t\t<\/div>\n\t\t\t\t<div class=\"elementor-element elementor-element-1f778a2d elementor-widget elementor-widget-heading\" data-id=\"1f778a2d\" data-element_type=\"widget\" data-widget_type=\"heading.default\">\n\t\t\t\t<div class=\"elementor-widget-container\">\n\t\t\t\t\t<h2 class=\"elementor-heading-title elementor-size-default\">Emmanuel<\/h2>\t\t\t\t<\/div>\n\t\t\t\t<\/div>\n\t\t\t\t<div class=\"elementor-element elementor-element-d00aa26 elementor-widget elementor-widget-text-editor\" data-id=\"d00aa26\" data-element_type=\"widget\" data-widget_type=\"text-editor.default\">\n\t\t\t\t<div class=\"elementor-widget-container\">\n\t\t\t\t\t\t\t\t\tEncontramos no trabalho volunt\u00e1rio a oportunidade de desenvolver virtudes como a benevol\u00eancia, a compaix\u00e3o, o amor e a caridade.\t\t\t\t\t\t\t\t<\/div>\n\t\t\t\t<\/div>\n\t\t\t\t<div class=\"elementor-element elementor-element-6d539150 elementor-widget elementor-widget-heading\" data-id=\"6d539150\" data-element_type=\"widget\" data-widget_type=\"heading.default\">\n\t\t\t\t<div class=\"elementor-widget-container\">\n\t\t\t\t\t<h2 class=\"elementor-heading-title elementor-size-default\">Seja volunt\u00e1rio!<\/h2>\t\t\t\t<\/div>\n\t\t\t\t<\/div>\n\t\t\t\t<div class=\"elementor-element elementor-element-8c07d25 elementor-widget elementor-widget-text-editor\" data-id=\"8c07d25\" data-element_type=\"widget\" data-widget_type=\"text-editor.default\">\n\t\t\t\t<div class=\"elementor-widget-container\">\n\t\t\t\t\t\t\t\t\t<p>Os trabalhos na DPS s\u00e3o organizados em grupos de atua\u00e7\u00e3o. Voc\u00ea pode encontrar a oportunidade para trabalhar voluntariamente no acompanhamento de fam\u00edlias em situa\u00e7\u00e3o de vulnerabilidade social, como nos grupos que atuam em abrigos de idosos e de crian\u00e7as, em penitenciaria, em unidade socioeducativa e, ainda, em oficinas de artesanato, de costura, de montagem de cesta b\u00e1sica, de orienta\u00e7\u00e3o a gestante, de apoio fraterno em casas esp\u00edritas e outros.<\/p>\t\t\t\t\t\t\t\t<\/div>\n\t\t\t\t<\/div>\n\t\t\t\t<div class=\"elementor-element elementor-element-ba8bd44 elementor-widget elementor-widget-heading\" data-id=\"ba8bd44\" data-element_type=\"widget\" data-widget_type=\"heading.default\">\n\t\t\t\t<div class=\"elementor-widget-container\">\n\t\t\t\t\t<h2 class=\"elementor-heading-title elementor-size-default\">Passo a passo para se tornar um volunt\u00e1rio da Comunh\u00e3o<\/h2>\t\t\t\t<\/div>\n\t\t\t\t<\/div>\n\t\t\t\t<div class=\"elementor-element elementor-element-c03a070 elementor-widget elementor-widget-text-editor\" data-id=\"c03a070\" data-element_type=\"widget\" data-widget_type=\"text-editor.default\">\n\t\t\t\t<div class=\"elementor-widget-container\">\n\t\t\t\t\t\t\t\t\t<p>1) Buscar a Diretoria Administrativa e Financeira DAF &#8211; para se tornar Associado Contribuinte da Comunh\u00e3o, conforme definido no Regimento Interno Cap.IV Se\u00e7\u00e3o 1 &#8211; Art. 5 &#8211; Par\u00e1grafo 4\u00ba<\/p><p><a href=\"https:\/\/comunhaoespirita.org.br\/portal\/wp-content\/uploads\/2021\/07\/REGIMENTO-INTERNO-COMUNHAO-27JUL21.pdf\">https:\/\/comunhaoespirita.org.br\/portal\/wp-content\/uploads\/2021\/07\/REGIMENTO-INTERNO-COMUNHAO-27JUL21.pdf<\/a><\/p><p>2) Procure a Central de Volunt\u00e1rios na Comunh\u00e3o. Conhe\u00e7a mais sobre as atividades da DPS e escolha o trabalho que gostaria de participar.<\/p><p>3) Verificar se a atividade escolhida tem vaga. <\/p><p>Hor\u00e1rio de funcionamento da Central de Volunt\u00e1rios: segunda \u00e0 quinta-feira, de 10h \u00e0s 13h e de 14h30 \u00e0s 17h30 e aos s\u00e1bados, de 9h \u00e0s 12h.<\/p>\t\t\t\t\t\t\t\t<\/div>\n\t\t\t\t<\/div>\n\t\t\t\t<div class=\"elementor-element elementor-element-0d37e2c elementor-widget elementor-widget-bdt-document-viewer\" data-id=\"0d37e2c\" data-element_type=\"widget\" data-widget_type=\"bdt-document-viewer.default\">\n\t\t\t\t<div class=\"elementor-widget-container\">\n\t\t\t\t\t\t\t\t<div class=\"bdt-document-viewer\">\n\t\t\t\t\t\t\t\t<iframe src=\"https:\/\/docs.google.com\/viewer?url=https%3A%2F%2Fcomunhaoespirita.org.br%2Fdps-comunhao%2Fwp-content%2Fuploads%2F2024%2F08%2FAtividades-Voluntarias-em-funcionamento_compressed-2.pdf&#038;embedded=true\" class=\"bdt-document\"><\/iframe>\n\t\t\t<\/div>\n\t\t\t\t\t\t\t<\/div>\n\t\t\t\t<\/div>\n\t\t\t\t\t<\/div>\n\t\t<\/div>\n\t\t\t\t\t<\/div>\n\t\t<\/section>\n\t\t\t\t<section class=\"elementor-section elementor-top-section elementor-element elementor-element-52e310b8 elementor-section-full_width elementor-section-height-default elementor-section-height-default\" data-id=\"52e310b8\" data-element_type=\"section\" data-settings=\"{&quot;background_background&quot;:&quot;classic&quot;}\">\n\t\t\t\t\t\t<div class=\"elementor-container elementor-column-gap-default\">\n\t\t\t\t\t<div class=\"elementor-column elementor-col-100 elementor-top-column elementor-element elementor-element-78147e6c\" data-id=\"78147e6c\" data-element_type=\"column\">\n\t\t\t<div class=\"elementor-widget-wrap elementor-element-populated\">\n\t\t\t\t\t\t<section class=\"elementor-section elementor-inner-section elementor-element elementor-element-410d54b5 elementor-section-boxed elementor-section-height-default elementor-section-height-default\" data-id=\"410d54b5\" data-element_type=\"section\">\n\t\t\t\t\t\t<div class=\"elementor-container elementor-column-gap-default\">\n\t\t\t\t\t<div class=\"elementor-column elementor-col-33 elementor-inner-column elementor-element elementor-element-4fbd3da3\" data-id=\"4fbd3da3\" data-element_type=\"column\">\n\t\t\t<div class=\"elementor-widget-wrap\">\n\t\t\t\t\t\t\t<\/div>\n\t\t<\/div>\n\t\t\t\t<div class=\"elementor-column elementor-col-33 elementor-inner-column elementor-element elementor-element-18ec41cf\" data-id=\"18ec41cf\" data-element_type=\"column\">\n\t\t\t<div class=\"elementor-widget-wrap\">\n\t\t\t\t\t\t\t<\/div>\n\t\t<\/div>\n\t\t\t\t<div class=\"elementor-column elementor-col-33 elementor-inner-column elementor-element elementor-element-186ffbf3\" data-id=\"186ffbf3\" data-element_type=\"column\">\n\t\t\t<div class=\"elementor-widget-wrap\">\n\t\t\t\t\t\t\t<\/div>\n\t\t<\/div>\n\t\t\t\t\t<\/div>\n\t\t<\/section>\n\t\t\t\t\t<\/div>\n\t\t<\/div>\n\t\t\t\t\t<\/div>\n\t\t<\/section>\n\t\t\t\t<\/div>\n\t\t","protected":false},"excerpt":{"rendered":"<p>Seja Volunt\u00e1rio \u201cServir \u00e9 um privil\u00e9gio\u201d Emmanuel Encontramos no trabalho volunt\u00e1rio a oportunidade de desenvolver virtudes como a benevol\u00eancia, a compaix\u00e3o, o amor e a caridade. Seja volunt\u00e1rio! Os trabalhos na DPS s\u00e3o organizados em grupos de atua\u00e7\u00e3o. Voc\u00ea pode encontrar a oportunidade para trabalhar voluntariamente no acompanhamento de fam\u00edlias em situa\u00e7\u00e3o de vulnerabilidade social, [&hellip;]<\/p>\n","protected":false},"author":2,"featured_media":0,"parent":0,"menu_order":0,"comment_status":"closed","ping_status":"closed","template":"","meta":{"footnotes":""},"class_list":["post-2714","page","type-page","status-publish","hentry"],"yoast_head":"<!-- This site is optimized with the Yoast SEO plugin v27.2 - https:\/\/yoast.com\/product\/yoast-seo-wordpress\/ -->\n<title>Seja Volunt\u00e1rio - Diretoria de Promo\u00e7\u00e3o Social<\/title>\n<meta name=\"robots\" content=\"index, follow, max-snippet:-1, max-image-preview:large, max-video-preview:-1\" \/>\n<link rel=\"canonical\" href=\"https:\/\/comunhaoespirita.org.br\/dps-comunhao\/seja-voluntario\/\" \/>\n<meta property=\"og:locale\" content=\"pt_BR\" \/>\n<meta property=\"og:type\" content=\"article\" \/>\n<meta property=\"og:title\" content=\"Seja Volunt\u00e1rio - Diretoria de Promo\u00e7\u00e3o Social\" \/>\n<meta property=\"og:description\" content=\"Seja Volunt\u00e1rio \u201cServir \u00e9 um privil\u00e9gio\u201d Emmanuel Encontramos no trabalho volunt\u00e1rio a oportunidade de desenvolver virtudes como a benevol\u00eancia, a compaix\u00e3o, o amor e a caridade. Seja volunt\u00e1rio! Os trabalhos na DPS s\u00e3o organizados em grupos de atua\u00e7\u00e3o. Voc\u00ea pode encontrar a oportunidade para trabalhar voluntariamente no acompanhamento de fam\u00edlias em situa\u00e7\u00e3o de vulnerabilidade social, [&hellip;]\" \/>\n<meta property=\"og:url\" content=\"https:\/\/comunhaoespirita.org.br\/dps-comunhao\/seja-voluntario\/\" \/>\n<meta property=\"og:site_name\" content=\"Diretoria de Promo\u00e7\u00e3o Social\" \/>\n<meta property=\"article:modified_time\" content=\"2024-08-05T13:36:58+00:00\" \/>\n<meta name=\"twitter:card\" content=\"summary_large_image\" \/>\n<meta name=\"twitter:label1\" content=\"Est. tempo de leitura\" \/>\n\t<meta name=\"twitter:data1\" content=\"1 minuto\" \/>\n<script type=\"application\/ld+json\" class=\"yoast-schema-graph\">{\"@context\":\"https:\/\/schema.org\",\"@graph\":[{\"@type\":\"WebPage\",\"@id\":\"https:\/\/comunhaoespirita.org.br\/dps-comunhao\/seja-voluntario\/\",\"url\":\"https:\/\/comunhaoespirita.org.br\/dps-comunhao\/seja-voluntario\/\",\"name\":\"Seja Volunt\u00e1rio - Diretoria de Promo\u00e7\u00e3o Social\",\"isPartOf\":{\"@id\":\"https:\/\/comunhaoespirita.org.br\/dps-comunhao\/#website\"},\"datePublished\":\"2022-01-22T16:24:41+00:00\",\"dateModified\":\"2024-08-05T13:36:58+00:00\",\"breadcrumb\":{\"@id\":\"https:\/\/comunhaoespirita.org.br\/dps-comunhao\/seja-voluntario\/#breadcrumb\"},\"inLanguage\":\"pt-BR\",\"potentialAction\":[{\"@type\":\"ReadAction\",\"target\":[\"https:\/\/comunhaoespirita.org.br\/dps-comunhao\/seja-voluntario\/\"]}]},{\"@type\":\"BreadcrumbList\",\"@id\":\"https:\/\/comunhaoespirita.org.br\/dps-comunhao\/seja-voluntario\/#breadcrumb\",\"itemListElement\":[{\"@type\":\"ListItem\",\"position\":1,\"name\":\"In\u00edcio\",\"item\":\"https:\/\/comunhaoespirita.org.br\/dps-comunhao\/\"},{\"@type\":\"ListItem\",\"position\":2,\"name\":\"Seja Volunt\u00e1rio\"}]},{\"@type\":\"WebSite\",\"@id\":\"https:\/\/comunhaoespirita.org.br\/dps-comunhao\/#website\",\"url\":\"https:\/\/comunhaoespirita.org.br\/dps-comunhao\/\",\"name\":\"Diretoria de Promo\u00e7\u00e3o Social\",\"description\":\"Nossa inspira\u00e7\u00e3o \u00e9 a Promo\u00e7\u00e3o Social do Esp\u00edrito Imortal - Reabilitando o Ser\",\"publisher\":{\"@id\":\"https:\/\/comunhaoespirita.org.br\/dps-comunhao\/#organization\"},\"potentialAction\":[{\"@type\":\"SearchAction\",\"target\":{\"@type\":\"EntryPoint\",\"urlTemplate\":\"https:\/\/comunhaoespirita.org.br\/dps-comunhao\/?s={search_term_string}\"},\"query-input\":{\"@type\":\"PropertyValueSpecification\",\"valueRequired\":true,\"valueName\":\"search_term_string\"}}],\"inLanguage\":\"pt-BR\"},{\"@type\":\"Organization\",\"@id\":\"https:\/\/comunhaoespirita.org.br\/dps-comunhao\/#organization\",\"name\":\"Diretoria de Promo\u00e7\u00e3o Social da Comunh\u00e3o Esp\u00edrita de Bras\u00edlia\",\"url\":\"https:\/\/comunhaoespirita.org.br\/dps-comunhao\/\",\"logo\":{\"@type\":\"ImageObject\",\"inLanguage\":\"pt-BR\",\"@id\":\"https:\/\/comunhaoespirita.org.br\/dps-comunhao\/#\/schema\/logo\/image\/\",\"url\":\"https:\/\/comunhaoespirita.org.br\/dps-comunhao\/wp-content\/uploads\/2021\/12\/logo.png\",\"contentUrl\":\"https:\/\/comunhaoespirita.org.br\/dps-comunhao\/wp-content\/uploads\/2021\/12\/logo.png\",\"width\":241,\"height\":60,\"caption\":\"Diretoria de Promo\u00e7\u00e3o Social da Comunh\u00e3o Esp\u00edrita de Bras\u00edlia\"},\"image\":{\"@id\":\"https:\/\/comunhaoespirita.org.br\/dps-comunhao\/#\/schema\/logo\/image\/\"}}]}<\/script>\n<!-- \/ Yoast SEO plugin. -->","yoast_head_json":{"title":"Seja Volunt\u00e1rio - Diretoria de Promo\u00e7\u00e3o Social","robots":{"index":"index","follow":"follow","max-snippet":"max-snippet:-1","max-image-preview":"max-image-preview:large","max-video-preview":"max-video-preview:-1"},"canonical":"https:\/\/comunhaoespirita.org.br\/dps-comunhao\/seja-voluntario\/","og_locale":"pt_BR","og_type":"article","og_title":"Seja Volunt\u00e1rio - Diretoria de Promo\u00e7\u00e3o Social","og_description":"Seja Volunt\u00e1rio \u201cServir \u00e9 um privil\u00e9gio\u201d Emmanuel Encontramos no trabalho volunt\u00e1rio a oportunidade de desenvolver virtudes como a benevol\u00eancia, a compaix\u00e3o, o amor e a caridade. Seja volunt\u00e1rio! Os trabalhos na DPS s\u00e3o organizados em grupos de atua\u00e7\u00e3o. Voc\u00ea pode encontrar a oportunidade para trabalhar voluntariamente no acompanhamento de fam\u00edlias em situa\u00e7\u00e3o de vulnerabilidade social, [&hellip;]","og_url":"https:\/\/comunhaoespirita.org.br\/dps-comunhao\/seja-voluntario\/","og_site_name":"Diretoria de Promo\u00e7\u00e3o Social","article_modified_time":"2024-08-05T13:36:58+00:00","twitter_card":"summary_large_image","twitter_misc":{"Est. tempo de leitura":"1 minuto"},"schema":{"@context":"https:\/\/schema.org","@graph":[{"@type":"WebPage","@id":"https:\/\/comunhaoespirita.org.br\/dps-comunhao\/seja-voluntario\/","url":"https:\/\/comunhaoespirita.org.br\/dps-comunhao\/seja-voluntario\/","name":"Seja Volunt\u00e1rio - Diretoria de Promo\u00e7\u00e3o Social","isPartOf":{"@id":"https:\/\/comunhaoespirita.org.br\/dps-comunhao\/#website"},"datePublished":"2022-01-22T16:24:41+00:00","dateModified":"2024-08-05T13:36:58+00:00","breadcrumb":{"@id":"https:\/\/comunhaoespirita.org.br\/dps-comunhao\/seja-voluntario\/#breadcrumb"},"inLanguage":"pt-BR","potentialAction":[{"@type":"ReadAction","target":["https:\/\/comunhaoespirita.org.br\/dps-comunhao\/seja-voluntario\/"]}]},{"@type":"BreadcrumbList","@id":"https:\/\/comunhaoespirita.org.br\/dps-comunhao\/seja-voluntario\/#breadcrumb","itemListElement":[{"@type":"ListItem","position":1,"name":"In\u00edcio","item":"https:\/\/comunhaoespirita.org.br\/dps-comunhao\/"},{"@type":"ListItem","position":2,"name":"Seja Volunt\u00e1rio"}]},{"@type":"WebSite","@id":"https:\/\/comunhaoespirita.org.br\/dps-comunhao\/#website","url":"https:\/\/comunhaoespirita.org.br\/dps-comunhao\/","name":"Diretoria de Promo\u00e7\u00e3o Social","description":"Nossa inspira\u00e7\u00e3o \u00e9 a Promo\u00e7\u00e3o Social do Esp\u00edrito Imortal - Reabilitando o Ser","publisher":{"@id":"https:\/\/comunhaoespirita.org.br\/dps-comunhao\/#organization"},"potentialAction":[{"@type":"SearchAction","target":{"@type":"EntryPoint","urlTemplate":"https:\/\/comunhaoespirita.org.br\/dps-comunhao\/?s={search_term_string}"},"query-input":{"@type":"PropertyValueSpecification","valueRequired":true,"valueName":"search_term_string"}}],"inLanguage":"pt-BR"},{"@type":"Organization","@id":"https:\/\/comunhaoespirita.org.br\/dps-comunhao\/#organization","name":"Diretoria de Promo\u00e7\u00e3o Social da Comunh\u00e3o Esp\u00edrita de Bras\u00edlia","url":"https:\/\/comunhaoespirita.org.br\/dps-comunhao\/","logo":{"@type":"ImageObject","inLanguage":"pt-BR","@id":"https:\/\/comunhaoespirita.org.br\/dps-comunhao\/#\/schema\/logo\/image\/","url":"https:\/\/comunhaoespirita.org.br\/dps-comunhao\/wp-content\/uploads\/2021\/12\/logo.png","contentUrl":"https:\/\/comunhaoespirita.org.br\/dps-comunhao\/wp-content\/uploads\/2021\/12\/logo.png","width":241,"height":60,"caption":"Diretoria de Promo\u00e7\u00e3o Social da Comunh\u00e3o Esp\u00edrita de Bras\u00edlia"},"image":{"@id":"https:\/\/comunhaoespirita.org.br\/dps-comunhao\/#\/schema\/logo\/image\/"}}]}},"_links":{"self":[{"href":"https:\/\/comunhaoespirita.org.br\/dps-comunhao\/wp-json\/wp\/v2\/pages\/2714","targetHints":{"allow":["GET"]}}],"collection":[{"href":"https:\/\/comunhaoespirita.org.br\/dps-comunhao\/wp-json\/wp\/v2\/pages"}],"about":[{"href":"https:\/\/comunhaoespirita.org.br\/dps-comunhao\/wp-json\/wp\/v2\/types\/page"}],"author":[{"embeddable":true,"href":"https:\/\/comunhaoespirita.org.br\/dps-comunhao\/wp-json\/wp\/v2\/users\/2"}],"replies":[{"embeddable":true,"href":"https:\/\/comunhaoespirita.org.br\/dps-comunhao\/wp-json\/wp\/v2\/comments?post=2714"}],"version-history":[{"count":76,"href":"https:\/\/comunhaoespirita.org.br\/dps-comunhao\/wp-json\/wp\/v2\/pages\/2714\/revisions"}],"predecessor-version":[{"id":4233,"href":"https:\/\/comunhaoespirita.org.br\/dps-comunhao\/wp-json\/wp\/v2\/pages\/2714\/revisions\/4233"}],"wp:attachment":[{"href":"https:\/\/comunhaoespirita.org.br\/dps-comunhao\/wp-json\/wp\/v2\/media?parent=2714"}],"curies":[{"name":"wp","href":"https:\/\/api.w.org\/{rel}","templated":true}]}}