{"id":2708,"date":"2022-01-22T13:23:54","date_gmt":"2022-01-22T16:23:54","guid":{"rendered":"https:\/\/comunhaoespirita.org.br\/dps-comunhao\/?page_id=2708"},"modified":"2023-08-26T11:04:25","modified_gmt":"2023-08-26T14:04:25","slug":"acoes-e-projetos","status":"publish","type":"page","link":"https:\/\/comunhaoespirita.org.br\/dps-comunhao\/acoes-e-projetos\/","title":{"rendered":"A\u00e7\u00f5es e Projetos"},"content":{"rendered":"\t\t<div data-elementor-type=\"wp-page\" data-elementor-id=\"2708\" class=\"elementor elementor-2708\" data-elementor-post-type=\"page\">\n\t\t\t\t\t\t<section class=\"elementor-section elementor-top-section elementor-element elementor-element-27acd103 elementor-section-full_width elementor-section-height-default elementor-section-height-default\" data-id=\"27acd103\" data-element_type=\"section\" id=\"section-1\" data-settings=\"{&quot;background_background&quot;:&quot;classic&quot;}\">\n\t\t\t\t\t\t\t<div class=\"elementor-background-overlay\"><\/div>\n\t\t\t\t\t\t\t<div class=\"elementor-container elementor-column-gap-default\">\n\t\t\t\t\t<div class=\"elementor-column elementor-col-100 elementor-top-column elementor-element elementor-element-7a19d2e6\" data-id=\"7a19d2e6\" data-element_type=\"column\">\n\t\t\t<div class=\"elementor-widget-wrap elementor-element-populated\">\n\t\t\t\t\t\t<section class=\"elementor-section elementor-inner-section elementor-element elementor-element-51579776 elementor-section-boxed elementor-section-height-default elementor-section-height-default\" data-id=\"51579776\" data-element_type=\"section\" data-settings=\"{&quot;background_background&quot;:&quot;classic&quot;}\">\n\t\t\t\t\t\t<div class=\"elementor-container elementor-column-gap-default\">\n\t\t\t\t\t<div class=\"elementor-column elementor-col-100 elementor-inner-column elementor-element elementor-element-7d6a44f3\" data-id=\"7d6a44f3\" data-element_type=\"column\">\n\t\t\t<div class=\"elementor-widget-wrap elementor-element-populated\">\n\t\t\t\t\t\t<div class=\"elementor-element elementor-element-10dd0b4 elementor-widget elementor-widget-heading\" data-id=\"10dd0b4\" data-element_type=\"widget\" data-widget_type=\"heading.default\">\n\t\t\t\t<div class=\"elementor-widget-container\">\n\t\t\t\t\t<h2 class=\"elementor-heading-title elementor-size-default\">A\u00c7\u00d5ES E PROJETOS<\/h2>\t\t\t\t<\/div>\n\t\t\t\t<\/div>\n\t\t\t\t\t<\/div>\n\t\t<\/div>\n\t\t\t\t\t<\/div>\n\t\t<\/section>\n\t\t\t\t\t<\/div>\n\t\t<\/div>\n\t\t\t\t\t<\/div>\n\t\t<\/section>\n\t\t\t\t<section class=\"elementor-section elementor-top-section elementor-element elementor-element-57b2cfbd elementor-section-boxed elementor-section-height-default elementor-section-height-default\" data-id=\"57b2cfbd\" data-element_type=\"section\" data-settings=\"{&quot;background_background&quot;:&quot;classic&quot;,&quot;shape_divider_bottom&quot;:&quot;wave-brush&quot;}\">\n\t\t\t\t\t<div class=\"elementor-shape elementor-shape-bottom\" aria-hidden=\"true\" data-negative=\"false\">\n\t\t\t<svg xmlns=\"http:\/\/www.w3.org\/2000\/svg\" viewBox=\"0 0 283.5 27.8\" preserveAspectRatio=\"none\">\n\t<path class=\"elementor-shape-fill\" d=\"M283.5,9.7c0,0-7.3,4.3-14,4.6c-6.8,0.3-12.6,0-20.9-1.5c-11.3-2-33.1-10.1-44.7-5.7\ts-12.1,4.6-18,7.4c-6.6,3.2-20,9.6-36.6,9.3C131.6,23.5,99.5,7.2,86.3,8c-1.4,0.1-6.6,0.8-10.5,2c-3.8,1.2-9.4,3.8-17,4.7\tc-3.2,0.4-8.3,1.1-14.2,0.9c-1.5-0.1-6.3-0.4-12-1.6c-5.7-1.2-11-3.1-15.8-3.7C6.5,9.2,0,10.8,0,10.8V0h283.5V9.7z M260.8,11.3\tc-0.7-1-2-0.4-4.3-0.4c-2.3,0-6.1-1.2-5.8-1.1c0.3,0.1,3.1,1.5,6,1.9C259.7,12.2,261.4,12.3,260.8,11.3z M242.4,8.6\tc0,0-2.4-0.2-5.6-0.9c-3.2-0.8-10.3-2.8-15.1-3.5c-8.2-1.1-15.8,0-15.1,0.1c0.8,0.1,9.6-0.6,17.6,1.1c3.3,0.7,9.3,2.2,12.4,2.7\tC239.9,8.7,242.4,8.6,242.4,8.6z M185.2,8.5c1.7-0.7-13.3,4.7-18.5,6.1c-2.1,0.6-6.2,1.6-10,2c-3.9,0.4-8.9,0.4-8.8,0.5\tc0,0.2,5.8,0.8,11.2,0c5.4-0.8,5.2-1.1,7.6-1.6C170.5,14.7,183.5,9.2,185.2,8.5z M199.1,6.9c0.2,0-0.8-0.4-4.8,1.1\tc-4,1.5-6.7,3.5-6.9,3.7c-0.2,0.1,3.5-1.8,6.6-3C197,7.5,199,6.9,199.1,6.9z M283,6c-0.1,0.1-1.9,1.1-4.8,2.5s-6.9,2.8-6.7,2.7\tc0.2,0,3.5-0.6,7.4-2.5C282.8,6.8,283.1,5.9,283,6z M31.3,11.6c0.1-0.2-1.9-0.2-4.5-1.2s-5.4-1.6-7.8-2C15,7.6,7.3,8.5,7.7,8.6\tC8,8.7,15.9,8.3,20.2,9.3c2.2,0.5,2.4,0.5,5.7,1.6S31.2,11.9,31.3,11.6z M73,9.2c0.4-0.1,3.5-1.6,8.4-2.6c4.9-1.1,8.9-0.5,8.9-0.8\tc0-0.3-1-0.9-6.2-0.3S72.6,9.3,73,9.2z M71.6,6.7C71.8,6.8,75,5.4,77.3,5c2.3-0.3,1.9-0.5,1.9-0.6c0-0.1-1.1-0.2-2.7,0.2\tC74.8,5.1,71.4,6.6,71.6,6.7z M93.6,4.4c0.1,0.2,3.5,0.8,5.6,1.8c2.1,1,1.8,0.6,1.9,0.5c0.1-0.1-0.8-0.8-2.4-1.3\tC97.1,4.8,93.5,4.2,93.6,4.4z M65.4,11.1c-0.1,0.3,0.3,0.5,1.9-0.2s2.6-1.3,2.2-1.2s-0.9,0.4-2.5,0.8C65.3,10.9,65.5,10.8,65.4,11.1\tz M34.5,12.4c-0.2,0,2.1,0.8,3.3,0.9c1.2,0.1,2,0.1,2-0.2c0-0.3-0.1-0.5-1.6-0.4C36.6,12.8,34.7,12.4,34.5,12.4z M152.2,21.1\tc-0.1,0.1-2.4-0.3-7.5-0.3c-5,0-13.6-2.4-17.2-3.5c-3.6-1.1,10,3.9,16.5,4.1C150.5,21.6,152.3,21,152.2,21.1z\"\/>\n\t<path class=\"elementor-shape-fill\" d=\"M269.6,18c-0.1-0.1-4.6,0.3-7.2,0c-7.3-0.7-17-3.2-16.6-2.9c0.4,0.3,13.7,3.1,17,3.3\tC267.7,18.8,269.7,18,269.6,18z\"\/>\n\t<path class=\"elementor-shape-fill\" d=\"M227.4,9.8c-0.2-0.1-4.5-1-9.5-1.2c-5-0.2-12.7,0.6-12.3,0.5c0.3-0.1,5.9-1.8,13.3-1.2\tS227.6,9.9,227.4,9.8z\"\/>\n\t<path class=\"elementor-shape-fill\" d=\"M204.5,13.4c-0.1-0.1,2-1,3.2-1.1c1.2-0.1,2,0,2,0.3c0,0.3-0.1,0.5-1.6,0.4\tC206.4,12.9,204.6,13.5,204.5,13.4z\"\/>\n\t<path class=\"elementor-shape-fill\" d=\"M201,10.6c0-0.1-4.4,1.2-6.3,2.2c-1.9,0.9-6.2,3.1-6.1,3.1c0.1,0.1,4.2-1.6,6.3-2.6\tS201,10.7,201,10.6z\"\/>\n\t<path class=\"elementor-shape-fill\" d=\"M154.5,26.7c-0.1-0.1-4.6,0.3-7.2,0c-7.3-0.7-17-3.2-16.6-2.9c0.4,0.3,13.7,3.1,17,3.3\tC152.6,27.5,154.6,26.8,154.5,26.7z\"\/>\n\t<path class=\"elementor-shape-fill\" d=\"M41.9,19.3c0,0,1.2-0.3,2.9-0.1c1.7,0.2,5.8,0.9,8.2,0.7c4.2-0.4,7.4-2.7,7-2.6\tc-0.4,0-4.3,2.2-8.6,1.9c-1.8-0.1-5.1-0.5-6.7-0.4S41.9,19.3,41.9,19.3z\"\/>\n\t<path class=\"elementor-shape-fill\" d=\"M75.5,12.6c0.2,0.1,2-0.8,4.3-1.1c2.3-0.2,2.1-0.3,2.1-0.5c0-0.1-1.8-0.4-3.4,0\tC76.9,11.5,75.3,12.5,75.5,12.6z\"\/>\n\t<path class=\"elementor-shape-fill\" d=\"M15.6,13.2c0-0.1,4.3,0,6.7,0.5c2.4,0.5,5,1.9,5,2c0,0.1-2.7-0.8-5.1-1.4\tC19.9,13.7,15.7,13.3,15.6,13.2z\"\/>\n<\/svg>\t\t<\/div>\n\t\t\t\t\t<div class=\"elementor-container elementor-column-gap-wider\">\n\t\t\t\t\t<div class=\"elementor-column elementor-col-50 elementor-top-column elementor-element elementor-element-6645b04\" data-id=\"6645b04\" data-element_type=\"column\">\n\t\t\t<div class=\"elementor-widget-wrap elementor-element-populated\">\n\t\t\t\t\t\t<div class=\"elementor-element elementor-element-4946ee8b elementor-widget elementor-widget-text-editor\" data-id=\"4946ee8b\" data-element_type=\"widget\" data-widget_type=\"text-editor.default\">\n\t\t\t\t<div class=\"elementor-widget-container\">\n\t\t\t\t\t\t\t\t\t<p>Cerca de 300 fam\u00edlias s\u00e3o acompanhadas por ano em todas as regi\u00f5es administrativas do Distrito Federal. As fam\u00edlias s\u00e3o compostas de adultos e, em m\u00e9dia, de 400 crian\u00e7as e adolescentes.<\/p><p>As fam\u00edlias s\u00e3o cadastradas na Comunh\u00e3o e atendidas nas suas moradias de forma planejada e sistematizada, mediante a elabora\u00e7\u00e3o de um Programa de Trabalho.<\/p>\t\t\t\t\t\t\t\t<\/div>\n\t\t\t\t<\/div>\n\t\t\t\t\t<\/div>\n\t\t<\/div>\n\t\t\t\t<div class=\"elementor-column elementor-col-50 elementor-top-column elementor-element elementor-element-441ed924\" data-id=\"441ed924\" data-element_type=\"column\">\n\t\t\t<div class=\"elementor-widget-wrap elementor-element-populated\">\n\t\t\t\t\t\t<div class=\"elementor-element elementor-element-11e55e6f elementor-widget elementor-widget-image\" data-id=\"11e55e6f\" data-element_type=\"widget\" data-widget_type=\"image.default\">\n\t\t\t\t<div class=\"elementor-widget-container\">\n\t\t\t\t\t\t\t\t\t\t\t\t\t\t\t<img fetchpriority=\"high\" decoding=\"async\" width=\"1024\" height=\"683\" src=\"https:\/\/comunhaoespirita.org.br\/dps-comunhao\/wp-content\/uploads\/2022\/01\/familia_veneravel.jpg\" class=\"attachment-full size-full wp-image-3473\" alt=\"\" srcset=\"https:\/\/comunhaoespirita.org.br\/dps-comunhao\/wp-content\/uploads\/2022\/01\/familia_veneravel.jpg 1024w, https:\/\/comunhaoespirita.org.br\/dps-comunhao\/wp-content\/uploads\/2022\/01\/familia_veneravel-300x200.jpg 300w, https:\/\/comunhaoespirita.org.br\/dps-comunhao\/wp-content\/uploads\/2022\/01\/familia_veneravel-768x512.jpg 768w\" sizes=\"(max-width: 1024px) 100vw, 1024px\" \/>\t\t\t\t\t\t\t\t\t\t\t\t\t\t\t<\/div>\n\t\t\t\t<\/div>\n\t\t\t\t\t<\/div>\n\t\t<\/div>\n\t\t\t\t\t<\/div>\n\t\t<\/section>\n\t\t\t\t<section class=\"elementor-section elementor-top-section elementor-element elementor-element-2edfec8 elementor-section-boxed elementor-section-height-default elementor-section-height-default\" data-id=\"2edfec8\" data-element_type=\"section\">\n\t\t\t\t\t\t<div class=\"elementor-container elementor-column-gap-default\">\n\t\t\t\t\t<div class=\"elementor-column elementor-col-100 elementor-top-column elementor-element elementor-element-7c762fa\" data-id=\"7c762fa\" data-element_type=\"column\">\n\t\t\t<div class=\"elementor-widget-wrap elementor-element-populated\">\n\t\t\t\t\t\t<div class=\"elementor-element elementor-element-c46079d elementor-widget elementor-widget-heading\" data-id=\"c46079d\" data-element_type=\"widget\" data-widget_type=\"heading.default\">\n\t\t\t\t<div class=\"elementor-widget-container\">\n\t\t\t\t\t<h2 class=\"elementor-heading-title elementor-size-default\">Como s\u00e3o atendidas as fam\u00edlias<\/h2>\t\t\t\t<\/div>\n\t\t\t\t<\/div>\n\t\t\t\t<div class=\"elementor-element elementor-element-91837a9 elementor-widget elementor-widget-spacer\" data-id=\"91837a9\" data-element_type=\"widget\" data-widget_type=\"spacer.default\">\n\t\t\t\t<div class=\"elementor-widget-container\">\n\t\t\t\t\t\t\t<div class=\"elementor-spacer\">\n\t\t\t<div class=\"elementor-spacer-inner\"><\/div>\n\t\t<\/div>\n\t\t\t\t\t\t<\/div>\n\t\t\t\t<\/div>\n\t\t\t\t\t<\/div>\n\t\t<\/div>\n\t\t\t\t\t<\/div>\n\t\t<\/section>\n\t\t\t\t<section class=\"elementor-section elementor-top-section elementor-element elementor-element-d51023d elementor-section-boxed elementor-section-height-default elementor-section-height-default\" data-id=\"d51023d\" data-element_type=\"section\" data-settings=\"{&quot;background_background&quot;:&quot;classic&quot;}\">\n\t\t\t\t\t\t<div class=\"elementor-container elementor-column-gap-default\">\n\t\t\t\t\t<div class=\"elementor-column elementor-col-100 elementor-top-column elementor-element elementor-element-6c98457\" data-id=\"6c98457\" data-element_type=\"column\">\n\t\t\t<div class=\"elementor-widget-wrap elementor-element-populated\">\n\t\t\t\t\t\t<div class=\"elementor-element elementor-element-d7b58ed elementor-widget elementor-widget-heading\" data-id=\"d7b58ed\" data-element_type=\"widget\" data-widget_type=\"heading.default\">\n\t\t\t\t<div class=\"elementor-widget-container\">\n\t\t\t\t\t<h2 class=\"elementor-heading-title elementor-size-default\">Outras Atividades<\/h2>\t\t\t\t<\/div>\n\t\t\t\t<\/div>\n\t\t\t\t\t<\/div>\n\t\t<\/div>\n\t\t\t\t\t<\/div>\n\t\t<\/section>\n\t\t\t\t<section class=\"elementor-section elementor-top-section elementor-element elementor-element-e461d8e elementor-section-full_width elementor-reverse-tablet elementor-reverse-mobile elementor-section-height-default elementor-section-height-default\" data-id=\"e461d8e\" data-element_type=\"section\" data-settings=\"{&quot;background_background&quot;:&quot;classic&quot;}\">\n\t\t\t\t\t\t<div class=\"elementor-container elementor-column-gap-no\">\n\t\t\t\t\t<div class=\"elementor-column elementor-col-50 elementor-top-column elementor-element elementor-element-45462c10\" data-id=\"45462c10\" data-element_type=\"column\">\n\t\t\t<div class=\"elementor-widget-wrap elementor-element-populated\">\n\t\t\t\t\t\t<section class=\"elementor-section elementor-inner-section elementor-element elementor-element-7ada67bc elementor-section-boxed elementor-section-height-default elementor-section-height-default\" data-id=\"7ada67bc\" data-element_type=\"section\">\n\t\t\t\t\t\t<div class=\"elementor-container elementor-column-gap-default\">\n\t\t\t\t\t<div class=\"elementor-column elementor-col-100 elementor-inner-column elementor-element elementor-element-590d23b3 elementor-invisible\" data-id=\"590d23b3\" data-element_type=\"column\" data-settings=\"{&quot;background_background&quot;:&quot;classic&quot;,&quot;animation&quot;:&quot;fadeInLeft&quot;}\">\n\t\t\t<div class=\"elementor-widget-wrap elementor-element-populated\">\n\t\t\t\t\t\t<div class=\"elementor-element elementor-element-36b93a56 elementor-widget elementor-widget-heading\" data-id=\"36b93a56\" data-element_type=\"widget\" data-widget_type=\"heading.default\">\n\t\t\t\t<div class=\"elementor-widget-container\">\n\t\t\t\t\t<h2 class=\"elementor-heading-title elementor-size-default\">Divis\u00e3o de Oficinas<\/h2>\t\t\t\t<\/div>\n\t\t\t\t<\/div>\n\t\t\t\t<div class=\"elementor-element elementor-element-21d559d6 elementor-widget elementor-widget-text-editor\" data-id=\"21d559d6\" data-element_type=\"widget\" data-widget_type=\"text-editor.default\">\n\t\t\t\t<div class=\"elementor-widget-container\">\n\t\t\t\t\t\t\t\t\t<p>A Comunh\u00e3o\/DPS se preocupa com o seu p\u00fablico feminino oferecendo \u00e0s frequentadoras atividades terap\u00eauticas como, oficinas de artesanato e costura, resultando em benef\u00edcios para os projetos sociais. S\u00e3o realizadas tr\u00eas feiras de artesanato no ano e os recursos arrecadados com as vendas s\u00e3o aplicados nos projetos sociais.<\/p>\t\t\t\t\t\t\t\t<\/div>\n\t\t\t\t<\/div>\n\t\t\t\t\t<\/div>\n\t\t<\/div>\n\t\t\t\t\t<\/div>\n\t\t<\/section>\n\t\t\t\t\t<\/div>\n\t\t<\/div>\n\t\t\t\t<div class=\"elementor-column elementor-col-50 elementor-top-column elementor-element elementor-element-251b0959\" data-id=\"251b0959\" data-element_type=\"column\">\n\t\t\t<div class=\"elementor-widget-wrap elementor-element-populated\">\n\t\t\t\t\t\t<div class=\"elementor-element elementor-element-352a2557 elementor-widget elementor-widget-image\" data-id=\"352a2557\" data-element_type=\"widget\" data-widget_type=\"image.default\">\n\t\t\t\t<div class=\"elementor-widget-container\">\n\t\t\t\t\t\t\t\t\t\t\t\t\t\t\t<img decoding=\"async\" width=\"800\" height=\"600\" src=\"https:\/\/comunhaoespirita.org.br\/dps-comunhao\/wp-content\/uploads\/2022\/02\/Divisao-de-Oficinas\u200b.jpg\" class=\"attachment-full size-full wp-image-3555\" alt=\"\" srcset=\"https:\/\/comunhaoespirita.org.br\/dps-comunhao\/wp-content\/uploads\/2022\/02\/Divisao-de-Oficinas\u200b.jpg 800w, https:\/\/comunhaoespirita.org.br\/dps-comunhao\/wp-content\/uploads\/2022\/02\/Divisao-de-Oficinas\u200b-300x225.jpg 300w, https:\/\/comunhaoespirita.org.br\/dps-comunhao\/wp-content\/uploads\/2022\/02\/Divisao-de-Oficinas\u200b-768x576.jpg 768w\" sizes=\"(max-width: 800px) 100vw, 800px\" \/>\t\t\t\t\t\t\t\t\t\t\t\t\t\t\t<\/div>\n\t\t\t\t<\/div>\n\t\t\t\t\t<\/div>\n\t\t<\/div>\n\t\t\t\t\t<\/div>\n\t\t<\/section>\n\t\t\t\t<section class=\"elementor-section elementor-top-section elementor-element elementor-element-ee5b8c1 elementor-section-full_width elementor-section-height-default elementor-section-height-default\" data-id=\"ee5b8c1\" data-element_type=\"section\">\n\t\t\t\t\t\t<div class=\"elementor-container elementor-column-gap-no\">\n\t\t\t\t\t<div class=\"elementor-column elementor-col-50 elementor-top-column elementor-element elementor-element-3b606b29\" data-id=\"3b606b29\" data-element_type=\"column\">\n\t\t\t<div class=\"elementor-widget-wrap elementor-element-populated\">\n\t\t\t\t\t\t<div class=\"elementor-element elementor-element-4f56f250 elementor-widget elementor-widget-image\" data-id=\"4f56f250\" data-element_type=\"widget\" data-widget_type=\"image.default\">\n\t\t\t\t<div class=\"elementor-widget-container\">\n\t\t\t\t\t\t\t\t\t\t\t\t\t\t\t<img decoding=\"async\" width=\"800\" height=\"600\" src=\"https:\/\/comunhaoespirita.org.br\/dps-comunhao\/wp-content\/uploads\/2022\/02\/Fraterno.jpg\" class=\"attachment-full size-full wp-image-3550\" alt=\"\" srcset=\"https:\/\/comunhaoespirita.org.br\/dps-comunhao\/wp-content\/uploads\/2022\/02\/Fraterno.jpg 800w, https:\/\/comunhaoespirita.org.br\/dps-comunhao\/wp-content\/uploads\/2022\/02\/Fraterno-300x225.jpg 300w, https:\/\/comunhaoespirita.org.br\/dps-comunhao\/wp-content\/uploads\/2022\/02\/Fraterno-768x576.jpg 768w\" sizes=\"(max-width: 800px) 100vw, 800px\" \/>\t\t\t\t\t\t\t\t\t\t\t\t\t\t\t<\/div>\n\t\t\t\t<\/div>\n\t\t\t\t\t<\/div>\n\t\t<\/div>\n\t\t\t\t<div class=\"elementor-column elementor-col-50 elementor-top-column elementor-element elementor-element-718a5367 elementor-invisible\" data-id=\"718a5367\" data-element_type=\"column\" data-settings=\"{&quot;animation&quot;:&quot;fadeInRight&quot;}\">\n\t\t\t<div class=\"elementor-widget-wrap elementor-element-populated\">\n\t\t\t\t\t\t<section class=\"elementor-section elementor-inner-section elementor-element elementor-element-5bad1360 elementor-section-boxed elementor-section-height-default elementor-section-height-default\" data-id=\"5bad1360\" data-element_type=\"section\">\n\t\t\t\t\t\t<div class=\"elementor-container elementor-column-gap-default\">\n\t\t\t\t\t<div class=\"elementor-column elementor-col-100 elementor-inner-column elementor-element elementor-element-7ebe3ea\" data-id=\"7ebe3ea\" data-element_type=\"column\" data-settings=\"{&quot;background_background&quot;:&quot;classic&quot;}\">\n\t\t\t<div class=\"elementor-widget-wrap elementor-element-populated\">\n\t\t\t\t\t\t<div class=\"elementor-element elementor-element-3800b5c elementor-widget elementor-widget-heading\" data-id=\"3800b5c\" data-element_type=\"widget\" data-widget_type=\"heading.default\">\n\t\t\t\t<div class=\"elementor-widget-container\">\n\t\t\t\t\t<h2 class=\"elementor-heading-title elementor-size-default\">Divis\u00e3o Fraterna<\/h2>\t\t\t\t<\/div>\n\t\t\t\t<\/div>\n\t\t\t\t<div class=\"elementor-element elementor-element-389b51dc elementor-widget elementor-widget-text-editor\" data-id=\"389b51dc\" data-element_type=\"widget\" data-widget_type=\"text-editor.default\">\n\t\t\t\t<div class=\"elementor-widget-container\">\n\t\t\t\t\t\t\t\t\t<p>Pr\u00e1tica da solidariedade junto a abrigos de crian\u00e7as, jovens e idosos, unidades socioeducativas, cl\u00ednicas e hospitais, por meio da escuta e do desenvolvimento de atividades l\u00fadicas, de palestras educativas e de doa\u00e7\u00f5es de materiais, conforme as possibilidades do momento.<\/p><p>A Comunh\u00e3o se preocupa com as institui\u00e7\u00f5es irm\u00e3s que necessitam de ajuda, compartilhando com elas alimentos e materiais para bazar. Estas institui\u00e7\u00f5es s\u00e3o cadastradas e atendidas de acordo a possibilidade do momento.<\/p>\t\t\t\t\t\t\t\t<\/div>\n\t\t\t\t<\/div>\n\t\t\t\t\t<\/div>\n\t\t<\/div>\n\t\t\t\t\t<\/div>\n\t\t<\/section>\n\t\t\t\t\t<\/div>\n\t\t<\/div>\n\t\t\t\t\t<\/div>\n\t\t<\/section>\n\t\t\t\t<\/div>\n\t\t","protected":false},"excerpt":{"rendered":"<p>A\u00c7\u00d5ES E PROJETOS Acompanhamento das Fam\u00edlias em Situa\u00e7\u00e3o de Vulnerabilidade Social Cerca de 300 fam\u00edlias s\u00e3o acompanhadas por ano em todas as regi\u00f5es administrativas do Distrito Federal. As fam\u00edlias s\u00e3o compostas de adultos e, em m\u00e9dia, de 400 crian\u00e7as e adolescentes. As fam\u00edlias s\u00e3o cadastradas na Comunh\u00e3o e atendidas nas suas moradias de forma planejada [&hellip;]<\/p>\n","protected":false},"author":2,"featured_media":0,"parent":0,"menu_order":0,"comment_status":"closed","ping_status":"closed","template":"","meta":{"footnotes":""},"class_list":["post-2708","page","type-page","status-publish","hentry"],"yoast_head":"<!-- This site is optimized with the Yoast SEO plugin v27.2 - https:\/\/yoast.com\/product\/yoast-seo-wordpress\/ -->\n<title>A\u00e7\u00f5es e Projetos - Diretoria de Promo\u00e7\u00e3o Social<\/title>\n<meta name=\"robots\" content=\"index, follow, max-snippet:-1, max-image-preview:large, max-video-preview:-1\" \/>\n<link rel=\"canonical\" href=\"https:\/\/comunhaoespirita.org.br\/dps-comunhao\/acoes-e-projetos\/\" \/>\n<meta property=\"og:locale\" content=\"pt_BR\" \/>\n<meta property=\"og:type\" content=\"article\" \/>\n<meta property=\"og:title\" content=\"A\u00e7\u00f5es e Projetos - Diretoria de Promo\u00e7\u00e3o Social\" \/>\n<meta property=\"og:description\" content=\"A\u00c7\u00d5ES E PROJETOS Acompanhamento das Fam\u00edlias em Situa\u00e7\u00e3o de Vulnerabilidade Social Cerca de 300 fam\u00edlias s\u00e3o acompanhadas por ano em todas as regi\u00f5es administrativas do Distrito Federal. As fam\u00edlias s\u00e3o compostas de adultos e, em m\u00e9dia, de 400 crian\u00e7as e adolescentes. As fam\u00edlias s\u00e3o cadastradas na Comunh\u00e3o e atendidas nas suas moradias de forma planejada [&hellip;]\" \/>\n<meta property=\"og:url\" content=\"https:\/\/comunhaoespirita.org.br\/dps-comunhao\/acoes-e-projetos\/\" \/>\n<meta property=\"og:site_name\" content=\"Diretoria de Promo\u00e7\u00e3o Social\" \/>\n<meta property=\"article:modified_time\" content=\"2023-08-26T14:04:25+00:00\" \/>\n<meta property=\"og:image\" content=\"https:\/\/comunhaoespirita.org.br\/dps-comunhao\/wp-content\/uploads\/2022\/01\/familia_veneravel.jpg\" \/>\n<meta name=\"twitter:card\" content=\"summary_large_image\" \/>\n<meta name=\"twitter:label1\" content=\"Est. tempo de leitura\" \/>\n\t<meta name=\"twitter:data1\" content=\"3 minutos\" \/>\n<script type=\"application\/ld+json\" class=\"yoast-schema-graph\">{\"@context\":\"https:\/\/schema.org\",\"@graph\":[{\"@type\":\"WebPage\",\"@id\":\"https:\/\/comunhaoespirita.org.br\/dps-comunhao\/acoes-e-projetos\/\",\"url\":\"https:\/\/comunhaoespirita.org.br\/dps-comunhao\/acoes-e-projetos\/\",\"name\":\"A\u00e7\u00f5es e Projetos - Diretoria de Promo\u00e7\u00e3o Social\",\"isPartOf\":{\"@id\":\"https:\/\/comunhaoespirita.org.br\/dps-comunhao\/#website\"},\"primaryImageOfPage\":{\"@id\":\"https:\/\/comunhaoespirita.org.br\/dps-comunhao\/acoes-e-projetos\/#primaryimage\"},\"image\":{\"@id\":\"https:\/\/comunhaoespirita.org.br\/dps-comunhao\/acoes-e-projetos\/#primaryimage\"},\"thumbnailUrl\":\"https:\/\/comunhaoespirita.org.br\/dps-comunhao\/wp-content\/uploads\/2022\/01\/familia_veneravel.jpg\",\"datePublished\":\"2022-01-22T16:23:54+00:00\",\"dateModified\":\"2023-08-26T14:04:25+00:00\",\"breadcrumb\":{\"@id\":\"https:\/\/comunhaoespirita.org.br\/dps-comunhao\/acoes-e-projetos\/#breadcrumb\"},\"inLanguage\":\"pt-BR\",\"potentialAction\":[{\"@type\":\"ReadAction\",\"target\":[\"https:\/\/comunhaoespirita.org.br\/dps-comunhao\/acoes-e-projetos\/\"]}]},{\"@type\":\"ImageObject\",\"inLanguage\":\"pt-BR\",\"@id\":\"https:\/\/comunhaoespirita.org.br\/dps-comunhao\/acoes-e-projetos\/#primaryimage\",\"url\":\"https:\/\/comunhaoespirita.org.br\/dps-comunhao\/wp-content\/uploads\/2022\/01\/familia_veneravel.jpg\",\"contentUrl\":\"https:\/\/comunhaoespirita.org.br\/dps-comunhao\/wp-content\/uploads\/2022\/01\/familia_veneravel.jpg\",\"width\":1024,\"height\":683},{\"@type\":\"BreadcrumbList\",\"@id\":\"https:\/\/comunhaoespirita.org.br\/dps-comunhao\/acoes-e-projetos\/#breadcrumb\",\"itemListElement\":[{\"@type\":\"ListItem\",\"position\":1,\"name\":\"In\u00edcio\",\"item\":\"https:\/\/comunhaoespirita.org.br\/dps-comunhao\/\"},{\"@type\":\"ListItem\",\"position\":2,\"name\":\"A\u00e7\u00f5es e Projetos\"}]},{\"@type\":\"WebSite\",\"@id\":\"https:\/\/comunhaoespirita.org.br\/dps-comunhao\/#website\",\"url\":\"https:\/\/comunhaoespirita.org.br\/dps-comunhao\/\",\"name\":\"Diretoria de Promo\u00e7\u00e3o Social\",\"description\":\"Nossa inspira\u00e7\u00e3o \u00e9 a Promo\u00e7\u00e3o Social do Esp\u00edrito Imortal - Reabilitando o Ser\",\"publisher\":{\"@id\":\"https:\/\/comunhaoespirita.org.br\/dps-comunhao\/#organization\"},\"potentialAction\":[{\"@type\":\"SearchAction\",\"target\":{\"@type\":\"EntryPoint\",\"urlTemplate\":\"https:\/\/comunhaoespirita.org.br\/dps-comunhao\/?s={search_term_string}\"},\"query-input\":{\"@type\":\"PropertyValueSpecification\",\"valueRequired\":true,\"valueName\":\"search_term_string\"}}],\"inLanguage\":\"pt-BR\"},{\"@type\":\"Organization\",\"@id\":\"https:\/\/comunhaoespirita.org.br\/dps-comunhao\/#organization\",\"name\":\"Diretoria de Promo\u00e7\u00e3o Social da Comunh\u00e3o Esp\u00edrita de Bras\u00edlia\",\"url\":\"https:\/\/comunhaoespirita.org.br\/dps-comunhao\/\",\"logo\":{\"@type\":\"ImageObject\",\"inLanguage\":\"pt-BR\",\"@id\":\"https:\/\/comunhaoespirita.org.br\/dps-comunhao\/#\/schema\/logo\/image\/\",\"url\":\"https:\/\/comunhaoespirita.org.br\/dps-comunhao\/wp-content\/uploads\/2021\/12\/logo.png\",\"contentUrl\":\"https:\/\/comunhaoespirita.org.br\/dps-comunhao\/wp-content\/uploads\/2021\/12\/logo.png\",\"width\":241,\"height\":60,\"caption\":\"Diretoria de Promo\u00e7\u00e3o Social da Comunh\u00e3o Esp\u00edrita de Bras\u00edlia\"},\"image\":{\"@id\":\"https:\/\/comunhaoespirita.org.br\/dps-comunhao\/#\/schema\/logo\/image\/\"}}]}<\/script>\n<!-- \/ Yoast SEO plugin. -->","yoast_head_json":{"title":"A\u00e7\u00f5es e Projetos - Diretoria de Promo\u00e7\u00e3o Social","robots":{"index":"index","follow":"follow","max-snippet":"max-snippet:-1","max-image-preview":"max-image-preview:large","max-video-preview":"max-video-preview:-1"},"canonical":"https:\/\/comunhaoespirita.org.br\/dps-comunhao\/acoes-e-projetos\/","og_locale":"pt_BR","og_type":"article","og_title":"A\u00e7\u00f5es e Projetos - Diretoria de Promo\u00e7\u00e3o Social","og_description":"A\u00c7\u00d5ES E PROJETOS Acompanhamento das Fam\u00edlias em Situa\u00e7\u00e3o de Vulnerabilidade Social Cerca de 300 fam\u00edlias s\u00e3o acompanhadas por ano em todas as regi\u00f5es administrativas do Distrito Federal. As fam\u00edlias s\u00e3o compostas de adultos e, em m\u00e9dia, de 400 crian\u00e7as e adolescentes. As fam\u00edlias s\u00e3o cadastradas na Comunh\u00e3o e atendidas nas suas moradias de forma planejada [&hellip;]","og_url":"https:\/\/comunhaoespirita.org.br\/dps-comunhao\/acoes-e-projetos\/","og_site_name":"Diretoria de Promo\u00e7\u00e3o Social","article_modified_time":"2023-08-26T14:04:25+00:00","og_image":[{"url":"https:\/\/comunhaoespirita.org.br\/dps-comunhao\/wp-content\/uploads\/2022\/01\/familia_veneravel.jpg","type":"","width":"","height":""}],"twitter_card":"summary_large_image","twitter_misc":{"Est. tempo de leitura":"3 minutos"},"schema":{"@context":"https:\/\/schema.org","@graph":[{"@type":"WebPage","@id":"https:\/\/comunhaoespirita.org.br\/dps-comunhao\/acoes-e-projetos\/","url":"https:\/\/comunhaoespirita.org.br\/dps-comunhao\/acoes-e-projetos\/","name":"A\u00e7\u00f5es e Projetos - Diretoria de Promo\u00e7\u00e3o Social","isPartOf":{"@id":"https:\/\/comunhaoespirita.org.br\/dps-comunhao\/#website"},"primaryImageOfPage":{"@id":"https:\/\/comunhaoespirita.org.br\/dps-comunhao\/acoes-e-projetos\/#primaryimage"},"image":{"@id":"https:\/\/comunhaoespirita.org.br\/dps-comunhao\/acoes-e-projetos\/#primaryimage"},"thumbnailUrl":"https:\/\/comunhaoespirita.org.br\/dps-comunhao\/wp-content\/uploads\/2022\/01\/familia_veneravel.jpg","datePublished":"2022-01-22T16:23:54+00:00","dateModified":"2023-08-26T14:04:25+00:00","breadcrumb":{"@id":"https:\/\/comunhaoespirita.org.br\/dps-comunhao\/acoes-e-projetos\/#breadcrumb"},"inLanguage":"pt-BR","potentialAction":[{"@type":"ReadAction","target":["https:\/\/comunhaoespirita.org.br\/dps-comunhao\/acoes-e-projetos\/"]}]},{"@type":"ImageObject","inLanguage":"pt-BR","@id":"https:\/\/comunhaoespirita.org.br\/dps-comunhao\/acoes-e-projetos\/#primaryimage","url":"https:\/\/comunhaoespirita.org.br\/dps-comunhao\/wp-content\/uploads\/2022\/01\/familia_veneravel.jpg","contentUrl":"https:\/\/comunhaoespirita.org.br\/dps-comunhao\/wp-content\/uploads\/2022\/01\/familia_veneravel.jpg","width":1024,"height":683},{"@type":"BreadcrumbList","@id":"https:\/\/comunhaoespirita.org.br\/dps-comunhao\/acoes-e-projetos\/#breadcrumb","itemListElement":[{"@type":"ListItem","position":1,"name":"In\u00edcio","item":"https:\/\/comunhaoespirita.org.br\/dps-comunhao\/"},{"@type":"ListItem","position":2,"name":"A\u00e7\u00f5es e Projetos"}]},{"@type":"WebSite","@id":"https:\/\/comunhaoespirita.org.br\/dps-comunhao\/#website","url":"https:\/\/comunhaoespirita.org.br\/dps-comunhao\/","name":"Diretoria de Promo\u00e7\u00e3o Social","description":"Nossa inspira\u00e7\u00e3o \u00e9 a Promo\u00e7\u00e3o Social do Esp\u00edrito Imortal - Reabilitando o Ser","publisher":{"@id":"https:\/\/comunhaoespirita.org.br\/dps-comunhao\/#organization"},"potentialAction":[{"@type":"SearchAction","target":{"@type":"EntryPoint","urlTemplate":"https:\/\/comunhaoespirita.org.br\/dps-comunhao\/?s={search_term_string}"},"query-input":{"@type":"PropertyValueSpecification","valueRequired":true,"valueName":"search_term_string"}}],"inLanguage":"pt-BR"},{"@type":"Organization","@id":"https:\/\/comunhaoespirita.org.br\/dps-comunhao\/#organization","name":"Diretoria de Promo\u00e7\u00e3o Social da Comunh\u00e3o Esp\u00edrita de Bras\u00edlia","url":"https:\/\/comunhaoespirita.org.br\/dps-comunhao\/","logo":{"@type":"ImageObject","inLanguage":"pt-BR","@id":"https:\/\/comunhaoespirita.org.br\/dps-comunhao\/#\/schema\/logo\/image\/","url":"https:\/\/comunhaoespirita.org.br\/dps-comunhao\/wp-content\/uploads\/2021\/12\/logo.png","contentUrl":"https:\/\/comunhaoespirita.org.br\/dps-comunhao\/wp-content\/uploads\/2021\/12\/logo.png","width":241,"height":60,"caption":"Diretoria de Promo\u00e7\u00e3o Social da Comunh\u00e3o Esp\u00edrita de Bras\u00edlia"},"image":{"@id":"https:\/\/comunhaoespirita.org.br\/dps-comunhao\/#\/schema\/logo\/image\/"}}]}},"_links":{"self":[{"href":"https:\/\/comunhaoespirita.org.br\/dps-comunhao\/wp-json\/wp\/v2\/pages\/2708","targetHints":{"allow":["GET"]}}],"collection":[{"href":"https:\/\/comunhaoespirita.org.br\/dps-comunhao\/wp-json\/wp\/v2\/pages"}],"about":[{"href":"https:\/\/comunhaoespirita.org.br\/dps-comunhao\/wp-json\/wp\/v2\/types\/page"}],"author":[{"embeddable":true,"href":"https:\/\/comunhaoespirita.org.br\/dps-comunhao\/wp-json\/wp\/v2\/users\/2"}],"replies":[{"embeddable":true,"href":"https:\/\/comunhaoespirita.org.br\/dps-comunhao\/wp-json\/wp\/v2\/comments?post=2708"}],"version-history":[{"count":148,"href":"https:\/\/comunhaoespirita.org.br\/dps-comunhao\/wp-json\/wp\/v2\/pages\/2708\/revisions"}],"predecessor-version":[{"id":4159,"href":"https:\/\/comunhaoespirita.org.br\/dps-comunhao\/wp-json\/wp\/v2\/pages\/2708\/revisions\/4159"}],"wp:attachment":[{"href":"https:\/\/comunhaoespirita.org.br\/dps-comunhao\/wp-json\/wp\/v2\/media?parent=2708"}],"curies":[{"name":"wp","href":"https:\/\/api.w.org\/{rel}","templated":true}]}}