{"id":2704,"date":"2022-01-22T13:23:28","date_gmt":"2022-01-22T16:23:28","guid":{"rendered":"https:\/\/comunhaoespirita.org.br\/dps-comunhao\/?page_id=2704"},"modified":"2023-09-02T13:01:05","modified_gmt":"2023-09-02T16:01:05","slug":"quem-somos","status":"publish","type":"page","link":"https:\/\/comunhaoespirita.org.br\/dps-comunhao\/quem-somos\/","title":{"rendered":"Quem Somos"},"content":{"rendered":"\t\t<div data-elementor-type=\"wp-page\" data-elementor-id=\"2704\" class=\"elementor elementor-2704\" data-elementor-post-type=\"page\">\n\t\t\t\t\t\t<section class=\"elementor-section elementor-top-section elementor-element elementor-element-75b35dd7 elementor-section-full_width elementor-section-height-default elementor-section-height-default\" data-id=\"75b35dd7\" data-element_type=\"section\" id=\"section-1\" data-settings=\"{&quot;background_background&quot;:&quot;classic&quot;}\">\n\t\t\t\t\t\t\t<div class=\"elementor-background-overlay\"><\/div>\n\t\t\t\t\t\t\t<div class=\"elementor-container elementor-column-gap-default\">\n\t\t\t\t\t<div class=\"elementor-column elementor-col-100 elementor-top-column elementor-element elementor-element-43485a30\" data-id=\"43485a30\" data-element_type=\"column\">\n\t\t\t<div class=\"elementor-widget-wrap elementor-element-populated\">\n\t\t\t\t\t\t<section class=\"elementor-section elementor-inner-section elementor-element elementor-element-6b93594c elementor-section-boxed elementor-section-height-default elementor-section-height-default\" data-id=\"6b93594c\" data-element_type=\"section\" data-settings=\"{&quot;background_background&quot;:&quot;classic&quot;}\">\n\t\t\t\t\t\t<div class=\"elementor-container elementor-column-gap-default\">\n\t\t\t\t\t<div class=\"elementor-column elementor-col-100 elementor-inner-column elementor-element elementor-element-124d0d80\" data-id=\"124d0d80\" data-element_type=\"column\">\n\t\t\t<div class=\"elementor-widget-wrap elementor-element-populated\">\n\t\t\t\t\t\t<div class=\"elementor-element elementor-element-e7bda7e elementor-widget elementor-widget-heading\" data-id=\"e7bda7e\" data-element_type=\"widget\" data-widget_type=\"heading.default\">\n\t\t\t\t<div class=\"elementor-widget-container\">\n\t\t\t\t\t<h2 class=\"elementor-heading-title elementor-size-default\">Quem Somos<\/h2>\t\t\t\t<\/div>\n\t\t\t\t<\/div>\n\t\t\t\t\t<\/div>\n\t\t<\/div>\n\t\t\t\t\t<\/div>\n\t\t<\/section>\n\t\t\t\t\t<\/div>\n\t\t<\/div>\n\t\t\t\t\t<\/div>\n\t\t<\/section>\n\t\t\t\t<section class=\"elementor-section elementor-top-section elementor-element elementor-element-1575a41d elementor-section-full_width elementor-reverse-tablet elementor-reverse-mobile elementor-section-height-default elementor-section-height-default\" data-id=\"1575a41d\" data-element_type=\"section\" data-settings=\"{&quot;background_background&quot;:&quot;classic&quot;}\">\n\t\t\t\t\t\t<div class=\"elementor-container elementor-column-gap-no\">\n\t\t\t\t\t<div class=\"elementor-column elementor-col-50 elementor-top-column elementor-element elementor-element-13f0f259\" data-id=\"13f0f259\" data-element_type=\"column\">\n\t\t\t<div class=\"elementor-widget-wrap elementor-element-populated\">\n\t\t\t\t\t\t<section class=\"elementor-section elementor-inner-section elementor-element elementor-element-37a12645 elementor-section-boxed elementor-section-height-default elementor-section-height-default\" data-id=\"37a12645\" data-element_type=\"section\">\n\t\t\t\t\t\t<div class=\"elementor-container elementor-column-gap-default\">\n\t\t\t\t\t<div class=\"elementor-column elementor-col-100 elementor-inner-column elementor-element elementor-element-2e1859b3 elementor-invisible\" data-id=\"2e1859b3\" data-element_type=\"column\" data-settings=\"{&quot;background_background&quot;:&quot;classic&quot;,&quot;animation&quot;:&quot;fadeInLeft&quot;}\">\n\t\t\t<div class=\"elementor-widget-wrap elementor-element-populated\">\n\t\t\t\t\t\t<div class=\"elementor-element elementor-element-205a1ca9 elementor-widget elementor-widget-heading\" data-id=\"205a1ca9\" data-element_type=\"widget\" data-widget_type=\"heading.default\">\n\t\t\t\t<div class=\"elementor-widget-container\">\n\t\t\t\t\t<h2 class=\"elementor-heading-title elementor-size-default\">Sobre N\u00f3s<\/h2>\t\t\t\t<\/div>\n\t\t\t\t<\/div>\n\t\t\t\t<div class=\"elementor-element elementor-element-5df9dcfe elementor-widget elementor-widget-text-editor\" data-id=\"5df9dcfe\" data-element_type=\"widget\" data-widget_type=\"text-editor.default\">\n\t\t\t\t<div class=\"elementor-widget-container\">\n\t\t\t\t\t\t\t\t\t<p>A Diretoria de Promo\u00e7\u00e3o Social Auta de Souza (DPS), da Comunh\u00e3o Esp\u00edrita de Bras\u00edlia, busca acolher e promover pessoas e fam\u00edlias em estado de vulnerabilidade social, incentivando-as para o seu desenvolvimento espiritual, mental, f\u00edsico e social \u00e0 luz dos valores universais, contribuindo para amenizar o impacto da pobreza e proporcionar o bem-estar social.<\/p>\t\t\t\t\t\t\t\t<\/div>\n\t\t\t\t<\/div>\n\t\t\t\t\t<\/div>\n\t\t<\/div>\n\t\t\t\t\t<\/div>\n\t\t<\/section>\n\t\t\t\t\t<\/div>\n\t\t<\/div>\n\t\t\t\t<div class=\"elementor-column elementor-col-50 elementor-top-column elementor-element elementor-element-11baf34f\" data-id=\"11baf34f\" data-element_type=\"column\">\n\t\t\t<div class=\"elementor-widget-wrap elementor-element-populated\">\n\t\t\t\t\t\t<div class=\"elementor-element elementor-element-1b6b449a elementor-widget elementor-widget-image\" data-id=\"1b6b449a\" data-element_type=\"widget\" data-widget_type=\"image.default\">\n\t\t\t\t<div class=\"elementor-widget-container\">\n\t\t\t\t\t\t\t\t\t\t\t\t\t\t\t<img fetchpriority=\"high\" decoding=\"async\" width=\"1366\" height=\"911\" src=\"https:\/\/comunhaoespirita.org.br\/dps-comunhao\/wp-content\/uploads\/2022\/01\/comunhao.jpg\" class=\"attachment-full size-full wp-image-3048\" alt=\"\" srcset=\"https:\/\/comunhaoespirita.org.br\/dps-comunhao\/wp-content\/uploads\/2022\/01\/comunhao.jpg 1366w, https:\/\/comunhaoespirita.org.br\/dps-comunhao\/wp-content\/uploads\/2022\/01\/comunhao-300x200.jpg 300w, https:\/\/comunhaoespirita.org.br\/dps-comunhao\/wp-content\/uploads\/2022\/01\/comunhao-1024x683.jpg 1024w, https:\/\/comunhaoespirita.org.br\/dps-comunhao\/wp-content\/uploads\/2022\/01\/comunhao-768x512.jpg 768w\" sizes=\"(max-width: 1366px) 100vw, 1366px\" \/>\t\t\t\t\t\t\t\t\t\t\t\t\t\t\t<\/div>\n\t\t\t\t<\/div>\n\t\t\t\t\t<\/div>\n\t\t<\/div>\n\t\t\t\t\t<\/div>\n\t\t<\/section>\n\t\t\t\t<section class=\"elementor-section elementor-top-section elementor-element elementor-element-796c8a3f elementor-section-full_width elementor-section-height-default elementor-section-height-default\" data-id=\"796c8a3f\" data-element_type=\"section\" data-settings=\"{&quot;background_background&quot;:&quot;classic&quot;}\">\n\t\t\t\t\t\t\t<div class=\"elementor-background-overlay\"><\/div>\n\t\t\t\t\t\t\t<div class=\"elementor-container elementor-column-gap-default\">\n\t\t\t\t\t<div class=\"elementor-column elementor-col-100 elementor-top-column elementor-element elementor-element-7c279917\" data-id=\"7c279917\" data-element_type=\"column\">\n\t\t\t<div class=\"elementor-widget-wrap elementor-element-populated\">\n\t\t\t\t\t\t<section class=\"elementor-section elementor-inner-section elementor-element elementor-element-6cbedb6a elementor-section-boxed elementor-section-height-default elementor-section-height-default\" data-id=\"6cbedb6a\" data-element_type=\"section\">\n\t\t\t\t\t\t<div class=\"elementor-container elementor-column-gap-wider\">\n\t\t\t\t\t<div class=\"elementor-column elementor-col-50 elementor-inner-column elementor-element elementor-element-78602c2f\" data-id=\"78602c2f\" data-element_type=\"column\" data-settings=\"{&quot;background_background&quot;:&quot;classic&quot;}\">\n\t\t\t<div class=\"elementor-widget-wrap elementor-element-populated\">\n\t\t\t\t\t\t<div class=\"elementor-element elementor-element-fe350e4 elementor-widget elementor-widget-heading\" data-id=\"fe350e4\" data-element_type=\"widget\" data-widget_type=\"heading.default\">\n\t\t\t\t<div class=\"elementor-widget-container\">\n\t\t\t\t\t<h2 class=\"elementor-heading-title elementor-size-default\">Auta de Souza, a inspiradora dos trabalhos sociais esp\u00edritas.<\/h2>\t\t\t\t<\/div>\n\t\t\t\t<\/div>\n\t\t\t\t<div class=\"elementor-element elementor-element-e455c15 elementor-widget elementor-widget-image\" data-id=\"e455c15\" data-element_type=\"widget\" data-widget_type=\"image.default\">\n\t\t\t\t<div class=\"elementor-widget-container\">\n\t\t\t\t\t\t\t\t\t\t\t\t\t\t\t\t<a href=\"#\">\n\t\t\t\t\t\t\t<img decoding=\"async\" width=\"467\" height=\"700\" src=\"https:\/\/comunhaoespirita.org.br\/dps-comunhao\/wp-content\/uploads\/2022\/01\/Auta_souza_03.jpg\" class=\"attachment-medium_large size-medium_large wp-image-3534\" alt=\"\" srcset=\"https:\/\/comunhaoespirita.org.br\/dps-comunhao\/wp-content\/uploads\/2022\/01\/Auta_souza_03.jpg 467w, https:\/\/comunhaoespirita.org.br\/dps-comunhao\/wp-content\/uploads\/2022\/01\/Auta_souza_03-200x300.jpg 200w\" sizes=\"(max-width: 467px) 100vw, 467px\" \/>\t\t\t\t\t\t\t\t<\/a>\n\t\t\t\t\t\t\t\t\t\t\t\t\t\t\t<\/div>\n\t\t\t\t<\/div>\n\t\t\t\t\t<\/div>\n\t\t<\/div>\n\t\t\t\t<div class=\"elementor-column elementor-col-50 elementor-inner-column elementor-element elementor-element-13407068\" data-id=\"13407068\" data-element_type=\"column\">\n\t\t\t<div class=\"elementor-widget-wrap\">\n\t\t\t\t\t\t\t<\/div>\n\t\t<\/div>\n\t\t\t\t\t<\/div>\n\t\t<\/section>\n\t\t\t\t\t<\/div>\n\t\t<\/div>\n\t\t\t\t\t<\/div>\n\t\t<\/section>\n\t\t\t\t<section class=\"elementor-section elementor-top-section elementor-element elementor-element-8a64e7c elementor-section-boxed elementor-section-height-default elementor-section-height-default\" data-id=\"8a64e7c\" data-element_type=\"section\">\n\t\t\t\t\t\t<div class=\"elementor-container elementor-column-gap-default\">\n\t\t\t\t\t<div class=\"elementor-column elementor-col-100 elementor-top-column elementor-element elementor-element-6eb1843\" data-id=\"6eb1843\" data-element_type=\"column\">\n\t\t\t<div class=\"elementor-widget-wrap elementor-element-populated\">\n\t\t\t\t\t\t<div class=\"elementor-element elementor-element-71db9dc elementor-widget elementor-widget-heading\" data-id=\"71db9dc\" data-element_type=\"widget\" data-widget_type=\"heading.default\">\n\t\t\t\t<div class=\"elementor-widget-container\">\n\t\t\t\t\t<h2 class=\"elementor-heading-title elementor-size-default\">Nossa Estrutura<\/h2>\t\t\t\t<\/div>\n\t\t\t\t<\/div>\n\t\t\t\t<div class=\"elementor-element elementor-element-b473dea elementor-widget elementor-widget-image\" data-id=\"b473dea\" data-element_type=\"widget\" data-widget_type=\"image.default\">\n\t\t\t\t<div class=\"elementor-widget-container\">\n\t\t\t\t\t\t\t\t\t\t\t\t\t\t\t<img decoding=\"async\" width=\"800\" height=\"595\" src=\"https:\/\/comunhaoespirita.org.br\/dps-comunhao\/wp-content\/uploads\/2022\/03\/modelo-organograma-1024x762.jpg\" class=\"attachment-large size-large wp-image-3688\" alt=\"\" srcset=\"https:\/\/comunhaoespirita.org.br\/dps-comunhao\/wp-content\/uploads\/2022\/03\/modelo-organograma-1024x762.jpg 1024w, https:\/\/comunhaoespirita.org.br\/dps-comunhao\/wp-content\/uploads\/2022\/03\/modelo-organograma-300x223.jpg 300w, https:\/\/comunhaoespirita.org.br\/dps-comunhao\/wp-content\/uploads\/2022\/03\/modelo-organograma-768x572.jpg 768w, https:\/\/comunhaoespirita.org.br\/dps-comunhao\/wp-content\/uploads\/2022\/03\/modelo-organograma.jpg 1368w\" sizes=\"(max-width: 800px) 100vw, 800px\" \/>\t\t\t\t\t\t\t\t\t\t\t\t\t\t\t<\/div>\n\t\t\t\t<\/div>\n\t\t\t\t\t<\/div>\n\t\t<\/div>\n\t\t\t\t\t<\/div>\n\t\t<\/section>\n\t\t\t\t<\/div>\n\t\t","protected":false},"excerpt":{"rendered":"<p>Quem Somos Sobre N\u00f3s A Diretoria de Promo\u00e7\u00e3o Social Auta de Souza (DPS), da Comunh\u00e3o Esp\u00edrita de Bras\u00edlia, busca acolher e promover pessoas e fam\u00edlias em estado de vulnerabilidade social, incentivando-as para o seu desenvolvimento espiritual, mental, f\u00edsico e social \u00e0 luz dos valores universais, contribuindo para amenizar o impacto da pobreza e proporcionar o [&hellip;]<\/p>\n","protected":false},"author":2,"featured_media":0,"parent":0,"menu_order":0,"comment_status":"closed","ping_status":"closed","template":"","meta":{"footnotes":""},"class_list":["post-2704","page","type-page","status-publish","hentry"],"yoast_head":"<!-- This site is optimized with the Yoast SEO plugin v27.2 - https:\/\/yoast.com\/product\/yoast-seo-wordpress\/ -->\n<title>Quem Somos - Diretoria de Promo\u00e7\u00e3o Social<\/title>\n<meta name=\"robots\" content=\"index, follow, max-snippet:-1, max-image-preview:large, max-video-preview:-1\" \/>\n<link rel=\"canonical\" href=\"https:\/\/comunhaoespirita.org.br\/dps-comunhao\/quem-somos\/\" \/>\n<meta property=\"og:locale\" content=\"pt_BR\" \/>\n<meta property=\"og:type\" content=\"article\" \/>\n<meta property=\"og:title\" content=\"Quem Somos - Diretoria de Promo\u00e7\u00e3o Social\" \/>\n<meta property=\"og:description\" content=\"Quem Somos Sobre N\u00f3s A Diretoria de Promo\u00e7\u00e3o Social Auta de Souza (DPS), da Comunh\u00e3o Esp\u00edrita de Bras\u00edlia, busca acolher e promover pessoas e fam\u00edlias em estado de vulnerabilidade social, incentivando-as para o seu desenvolvimento espiritual, mental, f\u00edsico e social \u00e0 luz dos valores universais, contribuindo para amenizar o impacto da pobreza e proporcionar o [&hellip;]\" \/>\n<meta property=\"og:url\" content=\"https:\/\/comunhaoespirita.org.br\/dps-comunhao\/quem-somos\/\" \/>\n<meta property=\"og:site_name\" content=\"Diretoria de Promo\u00e7\u00e3o Social\" \/>\n<meta property=\"article:modified_time\" content=\"2023-09-02T16:01:05+00:00\" \/>\n<meta property=\"og:image\" content=\"https:\/\/comunhaoespirita.org.br\/dps-comunhao\/wp-content\/uploads\/2022\/01\/comunhao.jpg\" \/>\n<meta name=\"twitter:card\" content=\"summary_large_image\" \/>\n<meta name=\"twitter:label1\" content=\"Est. tempo de leitura\" \/>\n\t<meta name=\"twitter:data1\" content=\"2 minutos\" \/>\n<script type=\"application\/ld+json\" class=\"yoast-schema-graph\">{\"@context\":\"https:\/\/schema.org\",\"@graph\":[{\"@type\":\"WebPage\",\"@id\":\"https:\/\/comunhaoespirita.org.br\/dps-comunhao\/quem-somos\/\",\"url\":\"https:\/\/comunhaoespirita.org.br\/dps-comunhao\/quem-somos\/\",\"name\":\"Quem Somos - Diretoria de Promo\u00e7\u00e3o Social\",\"isPartOf\":{\"@id\":\"https:\/\/comunhaoespirita.org.br\/dps-comunhao\/#website\"},\"primaryImageOfPage\":{\"@id\":\"https:\/\/comunhaoespirita.org.br\/dps-comunhao\/quem-somos\/#primaryimage\"},\"image\":{\"@id\":\"https:\/\/comunhaoespirita.org.br\/dps-comunhao\/quem-somos\/#primaryimage\"},\"thumbnailUrl\":\"https:\/\/comunhaoespirita.org.br\/dps-comunhao\/wp-content\/uploads\/2022\/01\/comunhao.jpg\",\"datePublished\":\"2022-01-22T16:23:28+00:00\",\"dateModified\":\"2023-09-02T16:01:05+00:00\",\"breadcrumb\":{\"@id\":\"https:\/\/comunhaoespirita.org.br\/dps-comunhao\/quem-somos\/#breadcrumb\"},\"inLanguage\":\"pt-BR\",\"potentialAction\":[{\"@type\":\"ReadAction\",\"target\":[\"https:\/\/comunhaoespirita.org.br\/dps-comunhao\/quem-somos\/\"]}]},{\"@type\":\"ImageObject\",\"inLanguage\":\"pt-BR\",\"@id\":\"https:\/\/comunhaoespirita.org.br\/dps-comunhao\/quem-somos\/#primaryimage\",\"url\":\"https:\/\/comunhaoespirita.org.br\/dps-comunhao\/wp-content\/uploads\/2022\/01\/comunhao.jpg\",\"contentUrl\":\"https:\/\/comunhaoespirita.org.br\/dps-comunhao\/wp-content\/uploads\/2022\/01\/comunhao.jpg\",\"width\":1366,\"height\":911},{\"@type\":\"BreadcrumbList\",\"@id\":\"https:\/\/comunhaoespirita.org.br\/dps-comunhao\/quem-somos\/#breadcrumb\",\"itemListElement\":[{\"@type\":\"ListItem\",\"position\":1,\"name\":\"In\u00edcio\",\"item\":\"https:\/\/comunhaoespirita.org.br\/dps-comunhao\/\"},{\"@type\":\"ListItem\",\"position\":2,\"name\":\"Quem Somos\"}]},{\"@type\":\"WebSite\",\"@id\":\"https:\/\/comunhaoespirita.org.br\/dps-comunhao\/#website\",\"url\":\"https:\/\/comunhaoespirita.org.br\/dps-comunhao\/\",\"name\":\"Diretoria de Promo\u00e7\u00e3o Social\",\"description\":\"Nossa inspira\u00e7\u00e3o \u00e9 a Promo\u00e7\u00e3o Social do Esp\u00edrito Imortal - Reabilitando o Ser\",\"publisher\":{\"@id\":\"https:\/\/comunhaoespirita.org.br\/dps-comunhao\/#organization\"},\"potentialAction\":[{\"@type\":\"SearchAction\",\"target\":{\"@type\":\"EntryPoint\",\"urlTemplate\":\"https:\/\/comunhaoespirita.org.br\/dps-comunhao\/?s={search_term_string}\"},\"query-input\":{\"@type\":\"PropertyValueSpecification\",\"valueRequired\":true,\"valueName\":\"search_term_string\"}}],\"inLanguage\":\"pt-BR\"},{\"@type\":\"Organization\",\"@id\":\"https:\/\/comunhaoespirita.org.br\/dps-comunhao\/#organization\",\"name\":\"Diretoria de Promo\u00e7\u00e3o Social da Comunh\u00e3o Esp\u00edrita de Bras\u00edlia\",\"url\":\"https:\/\/comunhaoespirita.org.br\/dps-comunhao\/\",\"logo\":{\"@type\":\"ImageObject\",\"inLanguage\":\"pt-BR\",\"@id\":\"https:\/\/comunhaoespirita.org.br\/dps-comunhao\/#\/schema\/logo\/image\/\",\"url\":\"https:\/\/comunhaoespirita.org.br\/dps-comunhao\/wp-content\/uploads\/2021\/12\/logo.png\",\"contentUrl\":\"https:\/\/comunhaoespirita.org.br\/dps-comunhao\/wp-content\/uploads\/2021\/12\/logo.png\",\"width\":241,\"height\":60,\"caption\":\"Diretoria de Promo\u00e7\u00e3o Social da Comunh\u00e3o Esp\u00edrita de Bras\u00edlia\"},\"image\":{\"@id\":\"https:\/\/comunhaoespirita.org.br\/dps-comunhao\/#\/schema\/logo\/image\/\"}}]}<\/script>\n<!-- \/ Yoast SEO plugin. -->","yoast_head_json":{"title":"Quem Somos - Diretoria de Promo\u00e7\u00e3o Social","robots":{"index":"index","follow":"follow","max-snippet":"max-snippet:-1","max-image-preview":"max-image-preview:large","max-video-preview":"max-video-preview:-1"},"canonical":"https:\/\/comunhaoespirita.org.br\/dps-comunhao\/quem-somos\/","og_locale":"pt_BR","og_type":"article","og_title":"Quem Somos - Diretoria de Promo\u00e7\u00e3o Social","og_description":"Quem Somos Sobre N\u00f3s A Diretoria de Promo\u00e7\u00e3o Social Auta de Souza (DPS), da Comunh\u00e3o Esp\u00edrita de Bras\u00edlia, busca acolher e promover pessoas e fam\u00edlias em estado de vulnerabilidade social, incentivando-as para o seu desenvolvimento espiritual, mental, f\u00edsico e social \u00e0 luz dos valores universais, contribuindo para amenizar o impacto da pobreza e proporcionar o [&hellip;]","og_url":"https:\/\/comunhaoespirita.org.br\/dps-comunhao\/quem-somos\/","og_site_name":"Diretoria de Promo\u00e7\u00e3o Social","article_modified_time":"2023-09-02T16:01:05+00:00","og_image":[{"url":"https:\/\/comunhaoespirita.org.br\/dps-comunhao\/wp-content\/uploads\/2022\/01\/comunhao.jpg","type":"","width":"","height":""}],"twitter_card":"summary_large_image","twitter_misc":{"Est. tempo de leitura":"2 minutos"},"schema":{"@context":"https:\/\/schema.org","@graph":[{"@type":"WebPage","@id":"https:\/\/comunhaoespirita.org.br\/dps-comunhao\/quem-somos\/","url":"https:\/\/comunhaoespirita.org.br\/dps-comunhao\/quem-somos\/","name":"Quem Somos - Diretoria de Promo\u00e7\u00e3o Social","isPartOf":{"@id":"https:\/\/comunhaoespirita.org.br\/dps-comunhao\/#website"},"primaryImageOfPage":{"@id":"https:\/\/comunhaoespirita.org.br\/dps-comunhao\/quem-somos\/#primaryimage"},"image":{"@id":"https:\/\/comunhaoespirita.org.br\/dps-comunhao\/quem-somos\/#primaryimage"},"thumbnailUrl":"https:\/\/comunhaoespirita.org.br\/dps-comunhao\/wp-content\/uploads\/2022\/01\/comunhao.jpg","datePublished":"2022-01-22T16:23:28+00:00","dateModified":"2023-09-02T16:01:05+00:00","breadcrumb":{"@id":"https:\/\/comunhaoespirita.org.br\/dps-comunhao\/quem-somos\/#breadcrumb"},"inLanguage":"pt-BR","potentialAction":[{"@type":"ReadAction","target":["https:\/\/comunhaoespirita.org.br\/dps-comunhao\/quem-somos\/"]}]},{"@type":"ImageObject","inLanguage":"pt-BR","@id":"https:\/\/comunhaoespirita.org.br\/dps-comunhao\/quem-somos\/#primaryimage","url":"https:\/\/comunhaoespirita.org.br\/dps-comunhao\/wp-content\/uploads\/2022\/01\/comunhao.jpg","contentUrl":"https:\/\/comunhaoespirita.org.br\/dps-comunhao\/wp-content\/uploads\/2022\/01\/comunhao.jpg","width":1366,"height":911},{"@type":"BreadcrumbList","@id":"https:\/\/comunhaoespirita.org.br\/dps-comunhao\/quem-somos\/#breadcrumb","itemListElement":[{"@type":"ListItem","position":1,"name":"In\u00edcio","item":"https:\/\/comunhaoespirita.org.br\/dps-comunhao\/"},{"@type":"ListItem","position":2,"name":"Quem Somos"}]},{"@type":"WebSite","@id":"https:\/\/comunhaoespirita.org.br\/dps-comunhao\/#website","url":"https:\/\/comunhaoespirita.org.br\/dps-comunhao\/","name":"Diretoria de Promo\u00e7\u00e3o Social","description":"Nossa inspira\u00e7\u00e3o \u00e9 a Promo\u00e7\u00e3o Social do Esp\u00edrito Imortal - Reabilitando o Ser","publisher":{"@id":"https:\/\/comunhaoespirita.org.br\/dps-comunhao\/#organization"},"potentialAction":[{"@type":"SearchAction","target":{"@type":"EntryPoint","urlTemplate":"https:\/\/comunhaoespirita.org.br\/dps-comunhao\/?s={search_term_string}"},"query-input":{"@type":"PropertyValueSpecification","valueRequired":true,"valueName":"search_term_string"}}],"inLanguage":"pt-BR"},{"@type":"Organization","@id":"https:\/\/comunhaoespirita.org.br\/dps-comunhao\/#organization","name":"Diretoria de Promo\u00e7\u00e3o Social da Comunh\u00e3o Esp\u00edrita de Bras\u00edlia","url":"https:\/\/comunhaoespirita.org.br\/dps-comunhao\/","logo":{"@type":"ImageObject","inLanguage":"pt-BR","@id":"https:\/\/comunhaoespirita.org.br\/dps-comunhao\/#\/schema\/logo\/image\/","url":"https:\/\/comunhaoespirita.org.br\/dps-comunhao\/wp-content\/uploads\/2021\/12\/logo.png","contentUrl":"https:\/\/comunhaoespirita.org.br\/dps-comunhao\/wp-content\/uploads\/2021\/12\/logo.png","width":241,"height":60,"caption":"Diretoria de Promo\u00e7\u00e3o Social da Comunh\u00e3o Esp\u00edrita de Bras\u00edlia"},"image":{"@id":"https:\/\/comunhaoespirita.org.br\/dps-comunhao\/#\/schema\/logo\/image\/"}}]}},"_links":{"self":[{"href":"https:\/\/comunhaoespirita.org.br\/dps-comunhao\/wp-json\/wp\/v2\/pages\/2704","targetHints":{"allow":["GET"]}}],"collection":[{"href":"https:\/\/comunhaoespirita.org.br\/dps-comunhao\/wp-json\/wp\/v2\/pages"}],"about":[{"href":"https:\/\/comunhaoespirita.org.br\/dps-comunhao\/wp-json\/wp\/v2\/types\/page"}],"author":[{"embeddable":true,"href":"https:\/\/comunhaoespirita.org.br\/dps-comunhao\/wp-json\/wp\/v2\/users\/2"}],"replies":[{"embeddable":true,"href":"https:\/\/comunhaoespirita.org.br\/dps-comunhao\/wp-json\/wp\/v2\/comments?post=2704"}],"version-history":[{"count":61,"href":"https:\/\/comunhaoespirita.org.br\/dps-comunhao\/wp-json\/wp\/v2\/pages\/2704\/revisions"}],"predecessor-version":[{"id":4180,"href":"https:\/\/comunhaoespirita.org.br\/dps-comunhao\/wp-json\/wp\/v2\/pages\/2704\/revisions\/4180"}],"wp:attachment":[{"href":"https:\/\/comunhaoespirita.org.br\/dps-comunhao\/wp-json\/wp\/v2\/media?parent=2704"}],"curies":[{"name":"wp","href":"https:\/\/api.w.org\/{rel}","templated":true}]}}